{"id":1370,"date":"2025-05-16T17:17:01","date_gmt":"2025-05-16T15:17:01","guid":{"rendered":"https:\/\/chemins-de-deuil.fr\/?page_id=1370"},"modified":"2025-05-19T15:38:30","modified_gmt":"2025-05-19T13:38:30","slug":"mentions-legales-site-chemins-de-deuil","status":"publish","type":"page","link":"https:\/\/chemins-de-deuil.fr\/index.php\/mentions-legales-site-chemins-de-deuil\/","title":{"rendered":"Mentions l\u00e9gales"},"content":{"rendered":"\t\t<div data-elementor-type=\"wp-page\" data-elementor-id=\"1370\" class=\"elementor elementor-1370\">\n\t\t\t\t<div class=\"elementor-element elementor-element-dc3c7f3 e-flex e-con-boxed e-con e-parent\" data-id=\"dc3c7f3\" data-element_type=\"container\" data-e-type=\"container\">\n\t\t\t\t\t<div class=\"e-con-inner\">\n\t\t\t\t<div class=\"elementor-element elementor-element-d41063e elementor-widget elementor-widget-text-editor\" data-id=\"d41063e\" data-element_type=\"widget\" data-e-type=\"widget\" data-widget_type=\"text-editor.default\">\n\t\t\t\t<div class=\"elementor-widget-container\">\n\t\t\t\t\t\t\t\t\t<p>Ce site vise \u00e0 informer toute personne d\u00e9sireuse de comprendre le processus du deuil.<\/p><p>\u00a0<\/p><p><strong>Conditions d\u2019utilisation<\/strong><\/p><p>En acc\u00e9dant \u00e0 ce site et en utilisant ses ressources, l\u2019utilisateur donne son accord aux pr\u00e9sentes conditions g\u00e9n\u00e9rales d\u2019utilisation du site et de ses services.<\/p><p><strong>\u00c9diteur du site<\/strong><\/p><p>Le site <a href=\"http:\/\/www.chemins-de-deuil.fr\">www.chemins-de-deuil.fr<\/a> est \u00e9dit\u00e9 par les membres de l\u2019association Chemins de deuil.<\/p><p>Si\u00e8ge social\u00a0:4 LE PUITS RENAUD &#8211; 44670 JUIGNE DES MOUTIERS<\/p><p><strong>H\u00e9bergement du site<\/strong><\/p><p>Site\u00a0<a href=\"http:\/\/www.chemins-de-deuil.fr\">www.chemins-de-deuil.fr<\/a><\/p><p>OVH<br \/>2, rue Kellermann<br \/>59100 Roubaix<\/p><p><strong>Droits d\u2019auteur, droits de reproduction<\/strong><\/p><p>Les contenus du site de Chemins de deuil, la structure du site, ses textes, illustrations, documents t\u00e9l\u00e9chargeables, images, ic\u00f4nes, mises en forme, chartes graphiques et bases de donn\u00e9es sont la propri\u00e9t\u00e9 exclusive de Chemins de deuil qui est seul titulaire des droits d\u2019exploitation qui y sont attach\u00e9s, notamment des droits de reproduction, repr\u00e9sentation, d\u2019adaptation et de traduction.<\/p><p>L\u2019ensemble de ce site est soumis \u00e0 la l\u00e9gislation fran\u00e7aise concernant le droit d\u2019auteur et la propri\u00e9t\u00e9 intellectuelle. De ce fait toute reproduction, m\u00eame partielle de ce site, ainsi que des \u00e9l\u00e9ments iconographiques y figurant, pour une utilisation autre que personnelle, est formellement interdite sans l\u2019accord pr\u00e9alable et \u00e9crit deChemins de deuil.<\/p><p><strong>\u00a0Vie priv\u00e9e &#8211; Protection des donn\u00e9es personnelles<\/strong><\/p><p>Concernant les informations \u00e0 caract\u00e8re nominatif que vous seriez amen\u00e9s \u00e0 nous communiquer, vous b\u00e9n\u00e9ficiez d\u2019un droit d\u2019acc\u00e8s, de modification, de rectification et\/ou de suppression conform\u00e9ment \u00e0 la loi relative \u00e0 la protection des personnes physiques \u00e0 l\u2019\u00e9gard des traitements de donn\u00e9es \u00e0 caract\u00e8re personnel n\u00b02004-801 du 6 ao\u00fbt 2004.<\/p><p>\u00a0<\/p><p>Pour exercer ce droit veuillez adresser un message \u00e0\u00a0: contact@chemins-de-deuil.fr<\/p><p>Ce site utilise Google Analytics pour analyser l\u2019audience du site et am\u00e9liorer son contenu. Pour plus d\u2019information sur les r\u00e8gles de confidentialit\u00e9 relatives \u00e0 l\u2019utilisation de Google Analytics, cliquez ici :\u00a0<u><a href=\"http:\/\/www.google.com\/intl\/fr\/analytics\/privacyoverview.html\">http:\/\/www.google.com\/intl\/fr\/analytics\/privacyoverview.html<\/a><\/u><\/p><p><strong>Liens<\/strong><\/p><p>Chemins de deuil autorise la mise en ligne de liens hypertextes vers la page d\u2019accueil de son site, \u00e0 condition que ce lien soit clair et non \u00e9quivoque, qu\u2019il s\u2019ouvre dans une nouvelle fen\u00eatre de navigation, qu\u2019il indique en toutes lettres \u00ab Chemins de deuil du corps \u00e0 l\u2019\u00eatre\u00bb suivie de l\u2019adresse URL.<\/p><p>Chemins de deuil interdit express\u00e9ment tout pratique du framing consistant \u00e0 enfermer certaines pages de Chemins de deuil ou certains contenus p\u00e9dagogiques dans un ou plusieurs cadres d\u2019un site Internet tiers et donnant l\u2019apparence, notamment par l\u2019URL, que le visiteur n\u2019a pas quitt\u00e9 le site d\u2019origine.<\/p><p>\u00a0<\/p><p><strong>Publicit\u00e9<\/strong><\/p><p>Chemins de deuil est seul d\u00e9cisionnaire des contenus mis en ligne sur le site du Chemins de deuil.<\/p><p>Le site n\u2019affiche aucune publicit\u00e9 et ne re\u00e7oit pas de fonds publicitaires.<\/p><p><strong>Responsabilit\u00e9 de l\u2019\u00e9diteur<\/strong><\/p><p>Chemins de deuil ne saurait \u00eatre rendu responsable de l\u2019utilisation que fait l\u2019utilisateur des contenus, informations et services disponibles sur son site \u00e0 quelque titre que ce soit. L\u2019utilisateur est seul ma\u00eetre de la bonne utilisation, avec discernement et esprit, des informations mises \u00e0 sa disposition sur le site de Chemins de deuil.<\/p><p>Chemins de deuil s\u2019efforce de maintenir un acc\u00e8s permanent \u00e0 son site, \u00e0 ses contenus p\u00e9dagogiques, informations et services. Il se r\u00e9serve le droit de retirer de la consultation ou du t\u00e9l\u00e9chargement sans pr\u00e9avis tel ou tel contenu, notamment pour des raisons de mise \u00e0 jour.<\/p><p>Malgr\u00e9 notre attention \u00e0 assurer la fiabilit\u00e9 et la mise \u00e0 jour des informations diffus\u00e9es sur le site, des erreurs, des omissions et des informations obsol\u00e8tes peuvent \u00eatre affich\u00e9es sur certaines pages. Si vous en relevez, n\u2019h\u00e9sitez pas \u00e0 nous les signaler en nous contactant via la page contact et \u00e0 nous faire part de vos suggestions et commentaires.<\/p>\t\t\t\t\t\t\t\t<\/div>\n\t\t\t\t<\/div>\n\t\t\t\t\t<\/div>\n\t\t\t\t<\/div>\n\t\t\t\t<\/div>\n\t\t","protected":false},"excerpt":{"rendered":"<p>Ce site vise \u00e0 informer toute personne d\u00e9sireuse de comprendre le processus du deuil. \u00a0 Conditions d\u2019utilisation En acc\u00e9dant \u00e0 ce site et en utilisant ses ressources, l\u2019utilisateur donne son accord aux pr\u00e9sentes conditions g\u00e9n\u00e9rales d\u2019utilisation du site et de ses services. \u00c9diteur du site Le site www.chemins-de-deuil.fr est \u00e9dit\u00e9 par les membres de l\u2019association [&hellip;]<\/p>\n","protected":false},"author":1,"featured_media":0,"parent":0,"menu_order":0,"comment_status":"closed","ping_status":"closed","template":"","meta":{"footnotes":""},"class_list":["post-1370","page","type-page","status-publish","hentry"],"yoast_head":"<!-- This site is optimized with the Yoast SEO plugin v27.2 - https:\/\/yoast.com\/product\/yoast-seo-wordpress\/ -->\n<title>Mentions l\u00e9gales site Chemins de deuil<\/title>\n<meta name=\"description\" content=\"Mentions l\u00e9gales du site Chemins de deuil du corps \u00e0 l&#039;\u00eatre pour sa conception et ses contenus.\" \/>\n<meta name=\"robots\" content=\"index, follow, max-snippet:-1, max-image-preview:large, max-video-preview:-1\" \/>\n<link rel=\"canonical\" href=\"https:\/\/chemins-de-deuil.fr\/index.php\/mentions-legales-site-chemins-de-deuil\/\" \/>\n<meta property=\"og:locale\" content=\"fr_FR\" \/>\n<meta property=\"og:type\" content=\"article\" \/>\n<meta property=\"og:title\" content=\"Mentions l\u00e9gales site Chemins de deuil\" \/>\n<meta property=\"og:description\" content=\"Mentions l\u00e9gales du site Chemins de deuil du corps \u00e0 l&#039;\u00eatre pour sa conception et ses contenus.\" \/>\n<meta property=\"og:url\" content=\"https:\/\/chemins-de-deuil.fr\/index.php\/mentions-legales-site-chemins-de-deuil\/\" \/>\n<meta property=\"og:site_name\" content=\"Chemins de deuil, du corps \u00e0 l&#039;\u00eatre\" \/>\n<meta property=\"article:publisher\" content=\"https:\/\/www.facebook.com\/cheminsdedeuil\" \/>\n<meta property=\"article:modified_time\" content=\"2025-05-19T13:38:30+00:00\" \/>\n<meta name=\"twitter:card\" content=\"summary_large_image\" \/>\n<meta name=\"twitter:label1\" content=\"Dur\u00e9e de lecture estim\u00e9e\" \/>\n\t<meta name=\"twitter:data1\" content=\"3 minutes\" \/>\n<script type=\"application\/ld+json\" class=\"yoast-schema-graph\">{\"@context\":\"https:\/\/schema.org\",\"@graph\":[{\"@type\":\"WebPage\",\"@id\":\"https:\/\/chemins-de-deuil.fr\/index.php\/mentions-legales-site-chemins-de-deuil\/\",\"url\":\"https:\/\/chemins-de-deuil.fr\/index.php\/mentions-legales-site-chemins-de-deuil\/\",\"name\":\"Mentions l\u00e9gales site Chemins de deuil\",\"isPartOf\":{\"@id\":\"https:\/\/chemins-de-deuil.fr\/#website\"},\"datePublished\":\"2025-05-16T15:17:01+00:00\",\"dateModified\":\"2025-05-19T13:38:30+00:00\",\"description\":\"Mentions l\u00e9gales du site Chemins de deuil du corps \u00e0 l'\u00eatre pour sa conception et ses contenus.\",\"breadcrumb\":{\"@id\":\"https:\/\/chemins-de-deuil.fr\/index.php\/mentions-legales-site-chemins-de-deuil\/#breadcrumb\"},\"inLanguage\":\"fr-FR\",\"potentialAction\":[{\"@type\":\"ReadAction\",\"target\":[\"https:\/\/chemins-de-deuil.fr\/index.php\/mentions-legales-site-chemins-de-deuil\/\"]}]},{\"@type\":\"BreadcrumbList\",\"@id\":\"https:\/\/chemins-de-deuil.fr\/index.php\/mentions-legales-site-chemins-de-deuil\/#breadcrumb\",\"itemListElement\":[{\"@type\":\"ListItem\",\"position\":1,\"name\":\"Accueil\",\"item\":\"https:\/\/chemins-de-deuil.fr\/\"},{\"@type\":\"ListItem\",\"position\":2,\"name\":\"Mentions l\u00e9gales\"}]},{\"@type\":\"WebSite\",\"@id\":\"https:\/\/chemins-de-deuil.fr\/#website\",\"url\":\"https:\/\/chemins-de-deuil.fr\/\",\"name\":\"Chemins de deuil, du corps \u00e0 l'\u00eatre\",\"description\":\"Sur le chemin du deuil, accompagner la vie\",\"publisher\":{\"@id\":\"https:\/\/chemins-de-deuil.fr\/#organization\"},\"potentialAction\":[{\"@type\":\"SearchAction\",\"target\":{\"@type\":\"EntryPoint\",\"urlTemplate\":\"https:\/\/chemins-de-deuil.fr\/?s={search_term_string}\"},\"query-input\":{\"@type\":\"PropertyValueSpecification\",\"valueRequired\":true,\"valueName\":\"search_term_string\"}}],\"inLanguage\":\"fr-FR\"},{\"@type\":\"Organization\",\"@id\":\"https:\/\/chemins-de-deuil.fr\/#organization\",\"name\":\"Chemins de deuil, du corps \u00e0 l'\u00eatre\",\"url\":\"https:\/\/chemins-de-deuil.fr\/\",\"logo\":{\"@type\":\"ImageObject\",\"inLanguage\":\"fr-FR\",\"@id\":\"https:\/\/chemins-de-deuil.fr\/#\/schema\/logo\/image\/\",\"url\":\"https:\/\/chemins-de-deuil.fr\/wp-content\/uploads\/2025\/04\/cropped-logoCDD.png\",\"contentUrl\":\"https:\/\/chemins-de-deuil.fr\/wp-content\/uploads\/2025\/04\/cropped-logoCDD.png\",\"width\":923,\"height\":492,\"caption\":\"Chemins de deuil, du corps \u00e0 l'\u00eatre\"},\"image\":{\"@id\":\"https:\/\/chemins-de-deuil.fr\/#\/schema\/logo\/image\/\"},\"sameAs\":[\"https:\/\/www.facebook.com\/cheminsdedeuil\"]}]}<\/script>\n<!-- \/ Yoast SEO plugin. -->","yoast_head_json":{"title":"Mentions l\u00e9gales site Chemins de deuil","description":"Mentions l\u00e9gales du site Chemins de deuil du corps \u00e0 l'\u00eatre pour sa conception et ses contenus.","robots":{"index":"index","follow":"follow","max-snippet":"max-snippet:-1","max-image-preview":"max-image-preview:large","max-video-preview":"max-video-preview:-1"},"canonical":"https:\/\/chemins-de-deuil.fr\/index.php\/mentions-legales-site-chemins-de-deuil\/","og_locale":"fr_FR","og_type":"article","og_title":"Mentions l\u00e9gales site Chemins de deuil","og_description":"Mentions l\u00e9gales du site Chemins de deuil du corps \u00e0 l'\u00eatre pour sa conception et ses contenus.","og_url":"https:\/\/chemins-de-deuil.fr\/index.php\/mentions-legales-site-chemins-de-deuil\/","og_site_name":"Chemins de deuil, du corps \u00e0 l&#039;\u00eatre","article_publisher":"https:\/\/www.facebook.com\/cheminsdedeuil","article_modified_time":"2025-05-19T13:38:30+00:00","twitter_card":"summary_large_image","twitter_misc":{"Dur\u00e9e de lecture estim\u00e9e":"3 minutes"},"schema":{"@context":"https:\/\/schema.org","@graph":[{"@type":"WebPage","@id":"https:\/\/chemins-de-deuil.fr\/index.php\/mentions-legales-site-chemins-de-deuil\/","url":"https:\/\/chemins-de-deuil.fr\/index.php\/mentions-legales-site-chemins-de-deuil\/","name":"Mentions l\u00e9gales site Chemins de deuil","isPartOf":{"@id":"https:\/\/chemins-de-deuil.fr\/#website"},"datePublished":"2025-05-16T15:17:01+00:00","dateModified":"2025-05-19T13:38:30+00:00","description":"Mentions l\u00e9gales du site Chemins de deuil du corps \u00e0 l'\u00eatre pour sa conception et ses contenus.","breadcrumb":{"@id":"https:\/\/chemins-de-deuil.fr\/index.php\/mentions-legales-site-chemins-de-deuil\/#breadcrumb"},"inLanguage":"fr-FR","potentialAction":[{"@type":"ReadAction","target":["https:\/\/chemins-de-deuil.fr\/index.php\/mentions-legales-site-chemins-de-deuil\/"]}]},{"@type":"BreadcrumbList","@id":"https:\/\/chemins-de-deuil.fr\/index.php\/mentions-legales-site-chemins-de-deuil\/#breadcrumb","itemListElement":[{"@type":"ListItem","position":1,"name":"Accueil","item":"https:\/\/chemins-de-deuil.fr\/"},{"@type":"ListItem","position":2,"name":"Mentions l\u00e9gales"}]},{"@type":"WebSite","@id":"https:\/\/chemins-de-deuil.fr\/#website","url":"https:\/\/chemins-de-deuil.fr\/","name":"Chemins de deuil, du corps \u00e0 l'\u00eatre","description":"Sur le chemin du deuil, accompagner la vie","publisher":{"@id":"https:\/\/chemins-de-deuil.fr\/#organization"},"potentialAction":[{"@type":"SearchAction","target":{"@type":"EntryPoint","urlTemplate":"https:\/\/chemins-de-deuil.fr\/?s={search_term_string}"},"query-input":{"@type":"PropertyValueSpecification","valueRequired":true,"valueName":"search_term_string"}}],"inLanguage":"fr-FR"},{"@type":"Organization","@id":"https:\/\/chemins-de-deuil.fr\/#organization","name":"Chemins de deuil, du corps \u00e0 l'\u00eatre","url":"https:\/\/chemins-de-deuil.fr\/","logo":{"@type":"ImageObject","inLanguage":"fr-FR","@id":"https:\/\/chemins-de-deuil.fr\/#\/schema\/logo\/image\/","url":"https:\/\/chemins-de-deuil.fr\/wp-content\/uploads\/2025\/04\/cropped-logoCDD.png","contentUrl":"https:\/\/chemins-de-deuil.fr\/wp-content\/uploads\/2025\/04\/cropped-logoCDD.png","width":923,"height":492,"caption":"Chemins de deuil, du corps \u00e0 l'\u00eatre"},"image":{"@id":"https:\/\/chemins-de-deuil.fr\/#\/schema\/logo\/image\/"},"sameAs":["https:\/\/www.facebook.com\/cheminsdedeuil"]}]}},"_links":{"self":[{"href":"https:\/\/chemins-de-deuil.fr\/index.php\/wp-json\/wp\/v2\/pages\/1370","targetHints":{"allow":["GET"]}}],"collection":[{"href":"https:\/\/chemins-de-deuil.fr\/index.php\/wp-json\/wp\/v2\/pages"}],"about":[{"href":"https:\/\/chemins-de-deuil.fr\/index.php\/wp-json\/wp\/v2\/types\/page"}],"author":[{"embeddable":true,"href":"https:\/\/chemins-de-deuil.fr\/index.php\/wp-json\/wp\/v2\/users\/1"}],"replies":[{"embeddable":true,"href":"https:\/\/chemins-de-deuil.fr\/index.php\/wp-json\/wp\/v2\/comments?post=1370"}],"version-history":[{"count":7,"href":"https:\/\/chemins-de-deuil.fr\/index.php\/wp-json\/wp\/v2\/pages\/1370\/revisions"}],"predecessor-version":[{"id":1448,"href":"https:\/\/chemins-de-deuil.fr\/index.php\/wp-json\/wp\/v2\/pages\/1370\/revisions\/1448"}],"wp:attachment":[{"href":"https:\/\/chemins-de-deuil.fr\/index.php\/wp-json\/wp\/v2\/media?parent=1370"}],"curies":[{"name":"wp","href":"https:\/\/api.w.org\/{rel}","templated":true}]}}