{"id":388,"date":"2025-04-14T15:08:15","date_gmt":"2025-04-14T13:08:15","guid":{"rendered":"http:\/\/omugubq.cluster021.hosting.ovh.net\/?page_id=388"},"modified":"2025-07-04T10:23:59","modified_gmt":"2025-07-04T08:23:59","slug":"formation-accompagner-le-deuil-entreprise","status":"publish","type":"page","link":"https:\/\/chemins-de-deuil.fr\/index.php\/formation-accompagner-le-deuil-entreprise\/","title":{"rendered":"Formation-entreprise"},"content":{"rendered":"\t\t<div data-elementor-type=\"wp-page\" data-elementor-id=\"388\" class=\"elementor elementor-388\">\n\t\t\t\t<div class=\"elementor-element elementor-element-649ccf07 e-flex e-con-boxed e-con e-parent\" data-id=\"649ccf07\" data-element_type=\"container\" data-e-type=\"container\">\n\t\t\t\t\t<div class=\"e-con-inner\">\n\t\t\t\t<div class=\"elementor-element elementor-element-2336cd9f elementor-widget elementor-widget-heading\" data-id=\"2336cd9f\" data-element_type=\"widget\" data-e-type=\"widget\" data-widget_type=\"heading.default\">\n\t\t\t\t<div class=\"elementor-widget-container\">\n\t\t\t\t\t<h1 class=\"elementor-heading-title elementor-size-default\">Formation : Faire face au deuil   en milieu professionnel<\/h1>\t\t\t\t<\/div>\n\t\t\t\t<\/div>\n\t\t\t\t\t<\/div>\n\t\t\t\t<\/div>\n\t\t<div class=\"elementor-element elementor-element-ee503cb e-flex e-con-boxed e-con e-parent\" data-id=\"ee503cb\" data-element_type=\"container\" data-e-type=\"container\">\n\t\t\t\t\t<div class=\"e-con-inner\">\n\t\t<div class=\"elementor-element elementor-element-4a96c25 e-con-full e-flex e-con e-child\" data-id=\"4a96c25\" data-element_type=\"container\" data-e-type=\"container\">\n\t\t\t\t<div class=\"elementor-element elementor-element-db6e5eb elementor-widget elementor-widget-ucaddon_split_hero\" data-id=\"db6e5eb\" data-element_type=\"widget\" data-e-type=\"widget\" data-widget_type=\"ucaddon_split_hero.default\">\n\t\t\t\t<div class=\"elementor-widget-container\">\n\t\t\t\t\t\n<!-- start Split Hero -->\n\t\t<link id='font-awesome-css' href='https:\/\/chemins-de-deuil.fr\/wp-content\/plugins\/unlimited-elements-for-elementor\/assets_libraries\/font-awesome6\/fontawesome-all.min.css' type='text\/css' rel='stylesheet' >\n\t\t<link id='font-awesome-4-shim-css' href='https:\/\/chemins-de-deuil.fr\/wp-content\/plugins\/unlimited-elements-for-elementor\/assets_libraries\/font-awesome6\/fontawesome-v4-shims.min.css' type='text\/css' rel='stylesheet' >\n\n<style>\/* widget: Split Hero *\/\n\n#uc_split_hero_elementor_db6e5eb *{\n\tbox-sizing: border-box;\n}\n#uc_split_hero_elementor_db6e5eb\n{\n\tposition:relative;\n\toverflow:hidden;\n\tclear:both;\n    display:flex;\n}\n\n.uc_title\n{\n  font-size:32px;\n}\n\n#uc_split_hero_elementor_db6e5eb .uc_btn\n{\n  display:inline-block;\n  text-decoration:none;\n  text-align:center;\n}\n\n#uc_split_hero_elementor_db6e5eb .uc_container_left\n{\n  flex-grow: 1;\n}\n\n#uc_split_hero_elementor_db6e5eb .uc_container_left\n{\n    display:flex;\n}\n\n#uc_split_hero_elementor_db6e5eb .uc_container_left .uc_container_holder{\n\n  \n}\n#uc_split_hero_elementor_db6e5eb a.uc_logo{\n\tdisplay:block;\n    text-decoration:none;\n}\n\n\n #uc_split_hero_elementor_db6e5eb .uc_container_right {\n\tbackground-size:cover;\n    background-position:center;\n    background-blend-mode: normal;\n   flex-shrink: 0;\n}\n\n\n@media only screen and (max-width: 420px) {\n#uc_split_hero_elementor_db6e5eb .uc_container_right\n{\n  width:100%;\n}\n    #uc_split_hero_elementor_db6e5eb .uc_container_left\n{\n  width:100%;\n}\n\n}\n\n<\/style>\n\n<div class=\"uc_business_header ue-hero\" id=\"uc_split_hero_elementor_db6e5eb\">\n    <div class=\"uc_container_right\" style=\"background-image:url(https:\/\/chemins-de-deuil.fr\/wp-content\/uploads\/2025\/06\/10-spirale.jpg);\">\n    \t\n    <\/div>\n    \n    <div class=\"uc_container_left\">\n        <div class=\"uc_container_holder\">\t\n\n        \t<a class=\"uc_logo\" href=\"#\" ><img decoding=\"async\" src=\"https:\/\/chemins-de-deuil.fr\/wp-content\/uploads\/2025\/04\/logo-adal.png\" alt=\"\" title=\"\"><\/a>            <h3 class=\"uc_subtitle\">En partenariat avec ADAL, organisme de formation professionnelle. <br> N\u00b0 de d\u00e9claration d\u2019activit\u00e9s : 11754265675<\/h3>            <div class=\"uc_title\"><\/div>                        <div class=\"uc_paragraph uc_text\">Riches d\u2019une longue exp\u00e9rience de l\u2019accompagnement du deuil, <br>nous avons vocation \u00e0 la transmettre et proposons une formation selon la sp\u00e9cificit\u00e9 de notre approche : S\u2019adresser \u00e0 toutes les dimensions de la personne en allant du corps \u00e0 l\u2019\u00eatre.<br><br>Nous savons maintenant que les liens d\u2019attachement sont indispensables pour devenir un \u00eatre humain. Attachement rime avec perte, prendre le risque de s\u2019attacher c\u2019est justement s\u2019exposer \u00e0 perdre. Il s\u2019ensuit que le deuil est une \u00e9tape incontournable du processus d\u2019humanisation, il est intrins\u00e8que \u00e0 la condition humaine. Plus les liens d\u2019attachement sont forts, plus l\u2019\u00e9preuve de la perte est intense.<br><br>\nReconna\u00eetre le temps et la r\u00e9alit\u00e9 du deuil c\u2019est ouvrir la possibilit\u00e9 de prendre soin de soi. En r\u00e9alit\u00e9, le deuil est ce processus incontournable par lequel une \u00e9preuve r\u00e9v\u00e8le ses potentiels, accompagn\u00e9, il devient une opportunit\u00e9 de croissance... <br><br>Favoriser cette compr\u00e9hension et cette int\u00e9gration telle est notre vocation.<\/div>            <div><a href=\"#objectifsentreprise\" id=\"\" class=\"uc_portfolio uc_btn elementor-repeater-item-a52a79a\" >Les Objectifs<\/a>\n<\/div>        <\/div>\n    <\/div>\n<\/div>\n<!-- end Split Hero -->\t\t\t\t<\/div>\n\t\t\t\t<\/div>\n\t\t\t\t<\/div>\n\t\t\t\t\t<\/div>\n\t\t\t\t<\/div>\n\t\t<div class=\"elementor-element elementor-element-5200b6fa e-flex e-con-boxed e-con e-parent\" data-id=\"5200b6fa\" data-element_type=\"container\" data-e-type=\"container\">\n\t\t\t\t\t<div class=\"e-con-inner\">\n\t\t<div class=\"elementor-element elementor-element-585bc18c e-con-full e-flex e-con e-child\" data-id=\"585bc18c\" data-element_type=\"container\" data-e-type=\"container\" data-settings=\"{&quot;background_background&quot;:&quot;classic&quot;}\">\n\t\t\t\t<div class=\"elementor-element elementor-element-3a33ca63 elementor-widget elementor-widget-heading\" data-id=\"3a33ca63\" data-element_type=\"widget\" data-e-type=\"widget\" data-widget_type=\"heading.default\">\n\t\t\t\t<div class=\"elementor-widget-container\">\n\t\t\t\t\t<h2 class=\"elementor-heading-title elementor-size-default\">Public<\/h2>\t\t\t\t<\/div>\n\t\t\t\t<\/div>\n\t\t\t\t<div class=\"elementor-element elementor-element-19f98167 elementor-widget elementor-widget-text-editor\" data-id=\"19f98167\" data-element_type=\"widget\" data-e-type=\"widget\" data-widget_type=\"text-editor.default\">\n\t\t\t\t<div class=\"elementor-widget-container\">\n\t\t\t\t\t\t\t\t\t<p><span class=\"OYPEnA font-feature-liga-off font-feature-clig-off font-feature-calt-off text-decoration-none text-strikethrough-none\">Tout professionnel ou b\u00e9n\u00e9vole confront\u00e9 dans son travail, au deuil et \u00e0 son accompagnement. <br \/><\/span><\/p>\t\t\t\t\t\t\t\t<\/div>\n\t\t\t\t<\/div>\n\t\t\t\t<div class=\"elementor-element elementor-element-130375b0 elementor-widget elementor-widget-heading\" data-id=\"130375b0\" data-element_type=\"widget\" data-e-type=\"widget\" data-widget_type=\"heading.default\">\n\t\t\t\t<div class=\"elementor-widget-container\">\n\t\t\t\t\t<h2 class=\"elementor-heading-title elementor-size-default\"><span class=\"OYPEnA font-feature-liga-off font-feature-clig-off font-feature-calt-off text-decoration-none text-strikethrough-none\" style=\"font-weight: 700;font-style: normal\">Pr\u00e9-requis<\/span><span class=\"OYPEnA font-feature-liga-off font-feature-clig-off font-feature-calt-off text-decoration-none text-strikethrough-none white-space-prewrap\" style=\"font-weight: 700;font-style: normal\"> <\/span><\/h2>\t\t\t\t<\/div>\n\t\t\t\t<\/div>\n\t\t\t\t<div class=\"elementor-element elementor-element-3d2e15ad elementor-widget elementor-widget-text-editor\" data-id=\"3d2e15ad\" data-element_type=\"widget\" data-e-type=\"widget\" data-widget_type=\"text-editor.default\">\n\t\t\t\t<div class=\"elementor-widget-container\">\n\t\t\t\t\t\t\t\t\t<p>Aucun<\/p>\t\t\t\t\t\t\t\t<\/div>\n\t\t\t\t<\/div>\n\t\t\t\t<\/div>\n\t\t<div class=\"elementor-element elementor-element-5f119d79 e-con-full e-flex e-con e-child\" data-id=\"5f119d79\" data-element_type=\"container\" data-e-type=\"container\" data-settings=\"{&quot;background_background&quot;:&quot;classic&quot;}\">\n\t\t\t\t<div class=\"elementor-element elementor-element-6db34ec6 elementor-widget elementor-widget-heading\" data-id=\"6db34ec6\" data-element_type=\"widget\" data-e-type=\"widget\" data-widget_type=\"heading.default\">\n\t\t\t\t<div class=\"elementor-widget-container\">\n\t\t\t\t\t<div class=\"elementor-heading-title elementor-size-default\">Participants<\/div>\t\t\t\t<\/div>\n\t\t\t\t<\/div>\n\t\t\t\t<div class=\"elementor-element elementor-element-503ecdb4 elementor-widget elementor-widget-text-editor\" data-id=\"503ecdb4\" data-element_type=\"widget\" data-e-type=\"widget\" data-widget_type=\"text-editor.default\">\n\t\t\t\t<div class=\"elementor-widget-container\">\n\t\t\t\t\t\t\t\t\t<p><span class=\"OYPEnA font-feature-liga-off font-feature-clig-off font-feature-calt-off text-decoration-none text-strikethrough-none\">15 personnes maximum.<\/span><\/p>\t\t\t\t\t\t\t\t<\/div>\n\t\t\t\t<\/div>\n\t\t\t\t<div class=\"elementor-element elementor-element-7a4fef38 elementor-widget elementor-widget-heading\" data-id=\"7a4fef38\" data-element_type=\"widget\" data-e-type=\"widget\" data-widget_type=\"heading.default\">\n\t\t\t\t<div class=\"elementor-widget-container\">\n\t\t\t\t\t<h2 class=\"elementor-heading-title elementor-size-default\"><span class=\"OYPEnA font-feature-liga-off font-feature-clig-off font-feature-calt-off text-decoration-none text-strikethrough-none\" style=\"font-weight: 700;font-style: normal\">Lieu de formation<\/span><\/h2>\t\t\t\t<\/div>\n\t\t\t\t<\/div>\n\t\t\t\t<div class=\"elementor-element elementor-element-6b5b1b9a elementor-widget elementor-widget-text-editor\" data-id=\"6b5b1b9a\" data-element_type=\"widget\" data-e-type=\"widget\" data-widget_type=\"text-editor.default\">\n\t\t\t\t<div class=\"elementor-widget-container\">\n\t\t\t\t\t\t\t\t\t<p>En entreprise<\/p><p>En\u00a0 institution<\/p>\t\t\t\t\t\t\t\t<\/div>\n\t\t\t\t<\/div>\n\t\t\t\t<\/div>\n\t\t<div class=\"elementor-element elementor-element-6d546b99 e-con-full e-flex e-con e-child\" data-id=\"6d546b99\" data-element_type=\"container\" data-e-type=\"container\" data-settings=\"{&quot;background_background&quot;:&quot;classic&quot;}\">\n\t\t\t\t<div class=\"elementor-element elementor-element-29691e4 elementor-widget elementor-widget-heading\" data-id=\"29691e4\" data-element_type=\"widget\" data-e-type=\"widget\" data-widget_type=\"heading.default\">\n\t\t\t\t<div class=\"elementor-widget-container\">\n\t\t\t\t\t<h2 class=\"elementor-heading-title elementor-size-default\">Dur\u00e9e<\/h2>\t\t\t\t<\/div>\n\t\t\t\t<\/div>\n\t\t\t\t<div class=\"elementor-element elementor-element-55e90d55 elementor-widget elementor-widget-text-editor\" data-id=\"55e90d55\" data-element_type=\"widget\" data-e-type=\"widget\" data-widget_type=\"text-editor.default\">\n\t\t\t\t<div class=\"elementor-widget-container\">\n\t\t\t\t\t\t\t\t\t<p>\u00c0 d\u00e9finir selon vos besoins.<\/p>\t\t\t\t\t\t\t\t<\/div>\n\t\t\t\t<\/div>\n\t\t\t\t<div class=\"elementor-element elementor-element-3c02fa67 elementor-align-left elementor-widget elementor-widget-button\" data-id=\"3c02fa67\" data-element_type=\"widget\" data-e-type=\"widget\" data-widget_type=\"button.default\">\n\t\t\t\t<div class=\"elementor-widget-container\">\n\t\t\t\t\t\t\t\t\t<div class=\"elementor-button-wrapper\">\n\t\t\t\t\t<a class=\"elementor-button elementor-button-link elementor-size-sm\" href=\"https:\/\/chemins-de-deuil.fr\/index.php\/contacts\/\">\n\t\t\t\t\t\t<span class=\"elementor-button-content-wrapper\">\n\t\t\t\t\t\t\t\t\t<span class=\"elementor-button-text\">Prendre contact<\/span>\n\t\t\t\t\t<\/span>\n\t\t\t\t\t<\/a>\n\t\t\t\t<\/div>\n\t\t\t\t\t\t\t\t<\/div>\n\t\t\t\t<\/div>\n\t\t\t\t<\/div>\n\t\t\t\t\t<\/div>\n\t\t\t\t<\/div>\n\t\t<div class=\"elementor-element elementor-element-658a4a25 e-flex e-con-boxed e-con e-parent\" data-id=\"658a4a25\" data-element_type=\"container\" data-e-type=\"container\">\n\t\t\t\t\t<div class=\"e-con-inner\">\n\t\t\t\t<div class=\"elementor-element elementor-element-34d70375 elementor-widget elementor-widget-text-editor\" data-id=\"34d70375\" data-element_type=\"widget\" data-e-type=\"widget\" data-widget_type=\"text-editor.default\">\n\t\t\t\t<div class=\"elementor-widget-container\">\n\t\t\t\t\t\t\t\t\t<div class=\"page\" title=\"Page 1\"><div class=\"layoutArea\"><div class=\"column\"><div class=\"page\" title=\"Page 1\"><div class=\"section\"><div class=\"layoutArea\"><div class=\"column\"><p>Pour toute entreprise ou institution qui souhaiterait donner des clefs de compr\u00e9hension et d&rsquo;approche dans l&rsquo;accompagnement du deuil, pour leurs professionnels, les responsables de Ressources Humaines confront\u00e9s \u00e0 l\u2019accompagnement de salari\u00e9s en situation de deuil et \/ou b\u00e9n\u00e9voles.<\/p><p>L&rsquo;expe\u0301rience du deuil touche chacun aussi bien au niveau personnel que professionnel et de\u0301stabilise les relations.<\/p><\/div><\/div><div class=\"layoutArea\"><div class=\"column\"><p>Mieux comprendre le processus naturel du deuil permet de rompre l\u2019isolement et de favoriser la communication afin d\u2019ame\u0301liorer le ve\u0301cu individuel et collectif.<\/p><p>Notre intervention permet aussi de de\u0301couvrir et pratiquer des approches simples et efficaces pour e\u0302tre bien dans son corps, ge\u0301rer au mieux ses e\u0301motions, de\u0301velopper la confiance en soi et la se\u0301re\u0301nite\u0301.<\/p><p>Elle redonne sa place a\u0300 une e\u0301coute bienveillante vis a\u0300 vis de soi et de la personne en deuil.<\/p><\/div><\/div><\/div><\/div><\/div><\/div><\/div>\t\t\t\t\t\t\t\t<\/div>\n\t\t\t\t<\/div>\n\t\t\t\t\t<\/div>\n\t\t\t\t<\/div>\n\t\t<div class=\"elementor-element elementor-element-27d60637 e-flex e-con-boxed e-con e-parent\" data-id=\"27d60637\" data-element_type=\"container\" data-e-type=\"container\">\n\t\t\t\t\t<div class=\"e-con-inner\">\n\t\t\t\t<div class=\"elementor-element elementor-element-225ceb73 elementor-widget elementor-widget-heading\" data-id=\"225ceb73\" data-element_type=\"widget\" data-e-type=\"widget\" data-widget_type=\"heading.default\">\n\t\t\t\t<div class=\"elementor-widget-container\">\n\t\t\t\t\t<h2 class=\"elementor-heading-title elementor-size-default\">Les objectifs<\/h2>\t\t\t\t<\/div>\n\t\t\t\t<\/div>\n\t\t\t\t<div class=\"elementor-element elementor-element-a2ea951 elementor-widget elementor-widget-menu-anchor\" data-id=\"a2ea951\" data-element_type=\"widget\" data-e-type=\"widget\" data-widget_type=\"menu-anchor.default\">\n\t\t\t\t<div class=\"elementor-widget-container\">\n\t\t\t\t\t\t\t<div class=\"elementor-menu-anchor\" id=\"objectifsentreprise\"><\/div>\n\t\t\t\t\t\t<\/div>\n\t\t\t\t<\/div>\n\t\t\t\t<div class=\"elementor-element elementor-element-17a49930 elementor-widget elementor-widget-ucaddon_unlimited_timeline\" data-id=\"17a49930\" data-element_type=\"widget\" data-e-type=\"widget\" data-widget_type=\"ucaddon_unlimited_timeline.default\">\n\t\t\t\t<div class=\"elementor-widget-container\">\n\t\t\t\t\t\n<!-- start Unlimited Timeline -->\n\n<style>\/* widget: Unlimited Timeline *\/\n\n\r\n@keyframes uc_unlimited_timeline_elementor_17a49930__item-animation {\r\n  0% {\r\n            transform: translateX(-100px);\r\n        \t        \tfilter: blur(10px);\r\n\t\t\t\r\n    \t    opacity: 0;\r\n  }\r\n  100% {\r\n            transform: translateX(0px);\r\n        \t            filter: blur(0px);\r\n            \r\n    \t\topacity: 1;\r\n  }\r\n}\r\n\r\n\r\n#uc_unlimited_timeline_elementor_17a49930 .ue_timeline_item{\r\n\topacity:0;\r\n}\r\n\r\n\r\n#uc_unlimited_timeline_elementor_17a49930 .uc-entrance-animate {\r\n  opacity:1;\r\n}\r\n\r\n#uc_unlimited_timeline_elementor_17a49930 .uc-entrance-animate {\r\n\tanimation: uc_unlimited_timeline_elementor_17a49930__item-animation 0.6s cubic-bezier(0.470, 0.000, 0.745, 0.715) both;\r\n}\r\n\r\n\t\t\t\n\n#uc_unlimited_timeline_elementor_17a49930{\n  direction:ltr;\n}\n\n#uc_unlimited_timeline_elementor_17a49930 *{\n  box-sizing:border-box;\n}\n\n#uc_unlimited_timeline_elementor_17a49930 .ue_timeline_item{\n  display:flex;\n  flex-direction:row-reverse;\n}\n\n#uc_unlimited_timeline_elementor_17a49930 .ue_timeline_item_icon{\n  display:flex;\n  flex-direction:column;\n  align-items:center;\n}\n\n#uc_unlimited_timeline_elementor_17a49930 .ue_timeline_item_icon_line{\n  flex-grow:1;\n}\n\n#uc_unlimited_timeline_elementor_17a49930 .ue_timeline_item_icon_line_offset{\n  flex-grow:0;\n  flex-shrink:0;\n}\n\n#uc_unlimited_timeline_elementor_17a49930 .ue_timeline_item_icon_holder{\n  display:flex;\n  justify-content:center;\n  align-items:center;\n  line-height:1em;\n  flex-direction:column;\n  transition: all 0.4s ease-in-out;\n  text-align: center;\n}\n\n#uc_unlimited_timeline_elementor_17a49930 .ue_timeline_item_icon_holder svg{\n  height:1em;\n  width:1em;\n}\n\n#uc_unlimited_timeline_elementor_17a49930 .ue_timeline_item_content{\n  flex:1;\n  flex-shrink:0;\n  flex-direction:row-reverse;\n}\n\n#uc_unlimited_timeline_elementor_17a49930 .ue_timeline_item_spacer{\n  flex:1;\n  flex-shrink:0;\n}\n\n#uc_unlimited_timeline_elementor_17a49930 .ue_timeline_item_content_main{\n  flex-grow:1;\n  word-break: break-word;\n  transition: all .3s;\n  position: relative;\n}\n\n#uc_unlimited_timeline_elementor_17a49930 .ue_timeline_item_content_main_link{\n  position: absolute;\n  width: 100%;\n  height: 100%;\n  left: 0;\n  top: 0;\n  display: block;\n}\n\n#uc_unlimited_timeline_elementor_17a49930 .ue_timeline_item_content{\n  display:flex;\n}\n\n#uc_unlimited_timeline_elementor_17a49930 .ue_timeline_item_pointer_spacer{\n  flex-grow:0;\n  flex-shrink:0;\n}\n\n#uc_unlimited_timeline_elementor_17a49930 .ue_timeline_item_icon{\n  flex-grow:0;\n  flex-shrink:0;\n}\n\n#uc_unlimited_timeline_elementor_17a49930 .ue_timeline_item_pointer{  \n  flex-grow:0;\n  flex-shrink:0;\n  margin-top:0px;\n  position:relative;\n}\n\n#uc_unlimited_timeline_elementor_17a49930 .ue_timeline_item .ue_timeline_item_content .ue_timeline_item_pointer .ue_timeline_item_pointer_inside{\n  position:relative;\n  clip-path: polygon(0 50%, 100% 0, 100% 100%);\n  transition: all .3s;\n}\n\n\t\n\n#uc_unlimited_timeline_elementor_17a49930 .ue_timeline_item:last-child .ue_timeline_item_content{\n  margin-bottom:0px;\n}\n\n#uc_unlimited_timeline_elementor_17a49930 .ue_timeline_item_spacer  {\n  display:none;\n}\n\n  #uc_unlimited_timeline_elementor_17a49930 .ue_timeline_item:nth-child(odd)    {\n   flex-direction:row;\n  }\n\n  #uc_unlimited_timeline_elementor_17a49930 .ue_timeline_item:nth-child(odd) .ue_timeline_item_content{\n   flex-direction:row;\n  } \n\n  #uc_unlimited_timeline_elementor_17a49930 .ue_timeline_item_spacer  {\n    display:block;\n  }\n\n  #uc_unlimited_timeline_elementor_17a49930 .ue_timeline_item:nth-child(odd) .ue_timeline_item_content .ue_timeline_item_pointer .ue_timeline_item_pointer_inside{ \n   clip-path: polygon(100% 50%, 0 0, 0 100%);\n  }\n\t\n\n#uc_unlimited_timeline_elementor_17a49930 .ue_timeline_item_button{\n\tdisplay: flex;\n  \talign-items: center;\n}\n\n#uc_unlimited_timeline_elementor_17a49930 .ue_timeline_item_link{\n\tcursor: pointer;\n  \ttransition: all .3s;\n}\n\n\n.ue_timeline_item_title{\n  font-size:21px;\n}\n\n.ue_text_one, .ue_text_two, .ue_text_three{\n  font-size:14px;\n  line-height:1.1em;\n}\n\n.ue_timeline_item_icon_line_mask, .ue_timeline_item_icon_line_offset_mask {\n  width: 100%;\n  height: 0%;\n  max-height: 100%;\n  will-change: height;\n}\n\n#uc_unlimited_timeline_elementor_17a49930 .ue_timeline_item_line_icon_holder{\n  position: relative;\n}\n\n#uc_unlimited_timeline_elementor_17a49930 .ue_timeline_item_line_floating_icon,\n#uc_unlimited_timeline_elementor_17a49930 .ue_timeline_item_line_floating_icon-offset{\n  position: absolute;\n  bottom: 0;\n  left: 50%;\n  transform: translate(-50%, 0%);\n  opacity: 0;\n  display: none;\n    display: none !important;\n  }\n\n#uc_unlimited_timeline_elementor_17a49930 .ue_timeline_floating_icon{\n  display:flex;\n  opacity: 1;\n  justify-content:center;\n  align-items:center;\n  line-height:1em;\n  flex-direction:column;\n  transition: all 0.4s ease-in-out;\n  text-align: center;\n}\n  \n#uc_unlimited_timeline_elementor_17a49930 .ue_timeline_item_image{\nobject-fit: cover;\n}\n\n#uc_unlimited_timeline_elementor_17a49930 .ue_timeline_item_content_inside{\n  position:relative;\n}\n\n#uc_unlimited_timeline_elementor_17a49930 .ue_timeline_item_content_main{\n  position:relative;\n  overflow:hidden;\n}\n\n\n@media only screen and (max-width: 768px) {\n  #uc_unlimited_timeline_elementor_17a49930 .ue_timeline_item{\n    flex-direction:row-reverse !important;\n  }\n\n  #uc_unlimited_timeline_elementor_17a49930 .ue_timeline_item .ue_timeline_item_content{\n   flex-direction:row-reverse !important;\n  }\n  \n  #uc_unlimited_timeline_elementor_17a49930 .ue_timeline_item_spacer  {\n    display:none;\n  }\n  \n  #uc_unlimited_timeline_elementor_17a49930 .ue_timeline_item .ue_timeline_item_content .ue_timeline_item_pointer .ue_timeline_item_pointer_inside  { \n   clip-path: polygon(0 50%, 100% 0, 100% 100%) !important;\n  }  \n}\n#uc_unlimited_timeline_elementor_17a49930 .ue_timeline_item_img_wrapper{\n  display: flex;\n}\n#uc_unlimited_timeline_elementor_17a49930 .ue_timeline_item:nth-child(even) .ue_timeline_item_img_wrapper{\n  justify-content: flex-end;\n}\n#uc_unlimited_timeline_elementor_17a49930 .ue_timeline_item:nth-child(odd) .ue_timeline_item_img_wrapper{\n  justify-content: flex-start;\n}\n\t\n\n\n\n\n\n\t\n\n\n\n\n\n\t\n\n\n\n\n\n\t\n\n\n\n\n\n\t\n\n\n\n\n\n\n\n<\/style>\n\n<div id=\"uc_unlimited_timeline_elementor_17a49930\" class=\"uc-items-wrapper \"  >\n  \n<div class=\"ue_timeline_item elementor-repeater-item-d9667e0 \" id=\"uc_unlimited_timeline_elementor_17a49930_item1\">\n    <div class=\"ue_timeline_item_content\">\n      \n      <div class=\"ue_timeline_item_content_main\">\n        \n                \n        <div class=\"ue_timeline_item_content_inside\">\n                <div class=\"ue_timeline_item_title\" ><\/div>                <div class=\"ue_timeline_item_text\"><div class=\"page\" title=\"Page 1\"><p>\u00a0<\/p><div class=\"layoutArea\"><div class=\"column\"><p>Connai\u0302tre et comprendre le processus du deuil, en tenant compte de la personne humaine dans sa globalite\u0301 : corps, e\u0301motions, pense\u0301e, identite\u0301, e\u0302tre.<\/p><\/div><\/div><\/div><\/div>\t\n      \t          \n        <\/div>\n              <\/div>\n      \n            <div class=\"ue_timeline_item_pointer\">\n        <div class=\"ue_timeline_item_pointer_inside\"><\/div>\n      <\/div>\n            \n      <div class=\"ue_timeline_item_pointer_spacer\"><\/div>\n      \n    <\/div>\n  \n    <div class=\"ue_timeline_item_icon\">\n      <div class=\"ue_timeline_item_icon_line_offset\">\n      \t<div class=\"ue_timeline_item_icon_line_offset_mask ue_timeline_item_line_icon_holder\">\n          <div class=\"ue_timeline_item_line_floating_icon-offset ue_timeline_floating_icon\"><i class='fas fa-rocket'><\/i><\/div>\n        <\/div>\n      <\/div>\n      <div class=\"ue_timeline_item_icon_holder\">\n                                      <\/div>\n      \n      <div class=\"ue_timeline_item_icon_line\">\n      \t<div class=\"ue_timeline_item_icon_line_mask ue_timeline_item_line_icon_holder\">\n          <div class=\"ue_timeline_item_line_floating_icon ue_timeline_floating_icon\"><i class='fas fa-rocket'><\/i><\/div>\n        <\/div>\n      <\/div>\n      \n    <\/div>\n    <div class=\"ue_timeline_item_spacer\">\n        \t<\/div>\n  <\/div>\n\n<div class=\"ue_timeline_item elementor-repeater-item-8e457af \" id=\"uc_unlimited_timeline_elementor_17a49930_item2\">\n    <div class=\"ue_timeline_item_content\">\n      \n      <div class=\"ue_timeline_item_content_main\">\n        \n                \n        <div class=\"ue_timeline_item_content_inside\">\n                <div class=\"ue_timeline_item_title\" ><\/div>                <div class=\"ue_timeline_item_text\"><div class=\"page\" title=\"Page 1\"><div class=\"layoutArea\"><div class=\"column\"><p>Reconnai\u0302tre ses fragilite\u0301s et ses forces. Identifier ses ressources pour mieux vivre le deuil personnellement et professionnellement.<\/p><\/div><\/div><\/div><\/div>\t\n      \t          \n        <\/div>\n              <\/div>\n      \n            <div class=\"ue_timeline_item_pointer\">\n        <div class=\"ue_timeline_item_pointer_inside\"><\/div>\n      <\/div>\n            \n      <div class=\"ue_timeline_item_pointer_spacer\"><\/div>\n      \n    <\/div>\n  \n    <div class=\"ue_timeline_item_icon\">\n      <div class=\"ue_timeline_item_icon_line_offset\">\n      \t<div class=\"ue_timeline_item_icon_line_offset_mask ue_timeline_item_line_icon_holder\">\n          <div class=\"ue_timeline_item_line_floating_icon-offset ue_timeline_floating_icon\"><i class='fas fa-rocket'><\/i><\/div>\n        <\/div>\n      <\/div>\n      <div class=\"ue_timeline_item_icon_holder\">\n                                      <\/div>\n      \n      <div class=\"ue_timeline_item_icon_line\">\n      \t<div class=\"ue_timeline_item_icon_line_mask ue_timeline_item_line_icon_holder\">\n          <div class=\"ue_timeline_item_line_floating_icon ue_timeline_floating_icon\"><i class='fas fa-rocket'><\/i><\/div>\n        <\/div>\n      <\/div>\n      \n    <\/div>\n    <div class=\"ue_timeline_item_spacer\">\n        \t<\/div>\n  <\/div>\n\n<div class=\"ue_timeline_item elementor-repeater-item-7bfc045 \" id=\"uc_unlimited_timeline_elementor_17a49930_item3\">\n    <div class=\"ue_timeline_item_content\">\n      \n      <div class=\"ue_timeline_item_content_main\">\n        \n                \n        <div class=\"ue_timeline_item_content_inside\">\n                <div class=\"ue_timeline_item_title\" ><\/div>                <div class=\"ue_timeline_item_text\"><div class=\"page\" title=\"Page 2\"><div class=\"section\"><div class=\"layoutArea\"><div class=\"column\"><p>De\u0301velopper une e\u0301coute bienveillante et gagner en qualite\u0301 de pre\u0301sence pour l\u2019entourage ( familles, re\u0301sidents, colle\u0300gues...).<\/p><\/div><\/div><\/div><\/div><\/div>\t\n      \t          \n        <\/div>\n              <\/div>\n      \n            <div class=\"ue_timeline_item_pointer\">\n        <div class=\"ue_timeline_item_pointer_inside\"><\/div>\n      <\/div>\n            \n      <div class=\"ue_timeline_item_pointer_spacer\"><\/div>\n      \n    <\/div>\n  \n    <div class=\"ue_timeline_item_icon\">\n      <div class=\"ue_timeline_item_icon_line_offset\">\n      \t<div class=\"ue_timeline_item_icon_line_offset_mask ue_timeline_item_line_icon_holder\">\n          <div class=\"ue_timeline_item_line_floating_icon-offset ue_timeline_floating_icon\"><i class='fas fa-rocket'><\/i><\/div>\n        <\/div>\n      <\/div>\n      <div class=\"ue_timeline_item_icon_holder\">\n                                      <\/div>\n      \n      <div class=\"ue_timeline_item_icon_line\">\n      \t<div class=\"ue_timeline_item_icon_line_mask ue_timeline_item_line_icon_holder\">\n          <div class=\"ue_timeline_item_line_floating_icon ue_timeline_floating_icon\"><i class='fas fa-rocket'><\/i><\/div>\n        <\/div>\n      <\/div>\n      \n    <\/div>\n    <div class=\"ue_timeline_item_spacer\">\n        \t<\/div>\n  <\/div>\n\n<div class=\"ue_timeline_item elementor-repeater-item-76b0450 \" id=\"uc_unlimited_timeline_elementor_17a49930_item4\">\n    <div class=\"ue_timeline_item_content\">\n      \n      <div class=\"ue_timeline_item_content_main\">\n        \n                \n        <div class=\"ue_timeline_item_content_inside\">\n                <div class=\"ue_timeline_item_title\" ><\/div>                <div class=\"ue_timeline_item_text\"><div class=\"page\" title=\"Page 2\"><div class=\"section\"><div class=\"layoutArea\"><div class=\"column\"><p>Expe\u0301rimenter une base d\u2019outils simples de de\u0301tente et de cre\u0301ativite\u0301. Exercer sa capacite\u0301 a\u0300 les adapter a\u0300 soi ou a\u0300 d\u2019autres.<\/p><\/div><\/div><\/div><\/div><\/div>\t\n      \t          \n        <\/div>\n              <\/div>\n      \n            <div class=\"ue_timeline_item_pointer\">\n        <div class=\"ue_timeline_item_pointer_inside\"><\/div>\n      <\/div>\n            \n      <div class=\"ue_timeline_item_pointer_spacer\"><\/div>\n      \n    <\/div>\n  \n    <div class=\"ue_timeline_item_icon\">\n      <div class=\"ue_timeline_item_icon_line_offset\">\n      \t<div class=\"ue_timeline_item_icon_line_offset_mask ue_timeline_item_line_icon_holder\">\n          <div class=\"ue_timeline_item_line_floating_icon-offset ue_timeline_floating_icon\"><i class='fas fa-rocket'><\/i><\/div>\n        <\/div>\n      <\/div>\n      <div class=\"ue_timeline_item_icon_holder\">\n                                      <\/div>\n      \n      <div class=\"ue_timeline_item_icon_line\">\n      \t<div class=\"ue_timeline_item_icon_line_mask ue_timeline_item_line_icon_holder\">\n          <div class=\"ue_timeline_item_line_floating_icon ue_timeline_floating_icon\"><i class='fas fa-rocket'><\/i><\/div>\n        <\/div>\n      <\/div>\n      \n    <\/div>\n    <div class=\"ue_timeline_item_spacer\">\n        \t<\/div>\n  <\/div>\n\n<div class=\"ue_timeline_item elementor-repeater-item-ceddba6 \" id=\"uc_unlimited_timeline_elementor_17a49930_item5\">\n    <div class=\"ue_timeline_item_content\">\n      \n      <div class=\"ue_timeline_item_content_main\">\n        \n                \n        <div class=\"ue_timeline_item_content_inside\">\n                <div class=\"ue_timeline_item_title\" ><\/div>                <div class=\"ue_timeline_item_text\"><div class=\"page\" title=\"Page 2\"><div class=\"section\"><div class=\"layoutArea\"><div class=\"column\"><p>Favoriser la communication autour du deuil au sein de l\u2019e\u0301tablissement : les e\u0301quipes, les re\u0301sidents, les familles, les be\u0301ne\u0301voles.<\/p><\/div><\/div><\/div><\/div><\/div>\t\n      \t          \n        <\/div>\n              <\/div>\n      \n            <div class=\"ue_timeline_item_pointer\">\n        <div class=\"ue_timeline_item_pointer_inside\"><\/div>\n      <\/div>\n            \n      <div class=\"ue_timeline_item_pointer_spacer\"><\/div>\n      \n    <\/div>\n  \n    <div class=\"ue_timeline_item_icon\">\n      <div class=\"ue_timeline_item_icon_line_offset\">\n      \t<div class=\"ue_timeline_item_icon_line_offset_mask ue_timeline_item_line_icon_holder\">\n          <div class=\"ue_timeline_item_line_floating_icon-offset ue_timeline_floating_icon\"><i class='fas fa-rocket'><\/i><\/div>\n        <\/div>\n      <\/div>\n      <div class=\"ue_timeline_item_icon_holder\">\n                                      <\/div>\n      \n      <div class=\"ue_timeline_item_icon_line\">\n      \t<div class=\"ue_timeline_item_icon_line_mask ue_timeline_item_line_icon_holder\">\n          <div class=\"ue_timeline_item_line_floating_icon ue_timeline_floating_icon\"><i class='fas fa-rocket'><\/i><\/div>\n        <\/div>\n      <\/div>\n      \n    <\/div>\n    <div class=\"ue_timeline_item_spacer\">\n        \t<\/div>\n  <\/div>\n \n<\/div>\n<!-- end Unlimited Timeline -->\t\t\t\t<\/div>\n\t\t\t\t<\/div>\n\t\t\t\t\t<\/div>\n\t\t\t\t<\/div>\n\t\t<div class=\"elementor-element elementor-element-2cfc5724 e-flex e-con-boxed e-con e-parent\" data-id=\"2cfc5724\" data-element_type=\"container\" data-e-type=\"container\">\n\t\t\t\t\t<div class=\"e-con-inner\">\n\t\t\t\t<div class=\"elementor-element elementor-element-56e9a64 elementor-widget-divider--view-line elementor-widget elementor-widget-divider\" data-id=\"56e9a64\" data-element_type=\"widget\" data-e-type=\"widget\" data-widget_type=\"divider.default\">\n\t\t\t\t<div class=\"elementor-widget-container\">\n\t\t\t\t\t\t\t<div class=\"elementor-divider\">\n\t\t\t<span class=\"elementor-divider-separator\">\n\t\t\t\t\t\t<\/span>\n\t\t<\/div>\n\t\t\t\t\t\t<\/div>\n\t\t\t\t<\/div>\n\t\t\t\t<div class=\"elementor-element elementor-element-683684e5 elementor-widget elementor-widget-text-editor\" data-id=\"683684e5\" data-element_type=\"widget\" data-e-type=\"widget\" data-widget_type=\"text-editor.default\">\n\t\t\t\t<div class=\"elementor-widget-container\">\n\t\t\t\t\t\t\t\t\t<p>Cette formation in situ, est \u00e0 construire ensemble selon les sp\u00e9cificit\u00e9s de votre entreprise et vos attentes.<\/p><p>La formation est assur\u00e9e par un ou deux membres de notre association, \u00e0 diff\u00e9rents niveaux : \u00e9veil corporel, cr\u00e9ativit\u00e9 et transmission des \u00e9l\u00e9ments de compr\u00e9hension du processus du deuil.<\/p><p>Pour plus de renseignements, n&rsquo;h\u00e9sitez pas \u00e0 prendre contact avec nous.<\/p>\t\t\t\t\t\t\t\t<\/div>\n\t\t\t\t<\/div>\n\t\t\t\t\t<\/div>\n\t\t\t\t<\/div>\n\t\t<div class=\"elementor-element elementor-element-3ea5840 e-flex e-con-boxed e-con e-parent\" data-id=\"3ea5840\" data-element_type=\"container\" data-e-type=\"container\">\n\t\t\t\t\t<div class=\"e-con-inner\">\n\t\t\t\t<div class=\"elementor-element elementor-element-650e5fc elementor-align-center elementor-widget elementor-widget-button\" data-id=\"650e5fc\" data-element_type=\"widget\" data-e-type=\"widget\" data-widget_type=\"button.default\">\n\t\t\t\t<div class=\"elementor-widget-container\">\n\t\t\t\t\t\t\t\t\t<div class=\"elementor-button-wrapper\">\n\t\t\t\t\t<a class=\"elementor-button elementor-button-link elementor-size-sm\" href=\"https:\/\/chemins-de-deuil.fr\/index.php\/contacts\/\">\n\t\t\t\t\t\t<span class=\"elementor-button-content-wrapper\">\n\t\t\t\t\t\t\t\t\t<span class=\"elementor-button-text\">Prendre contact<\/span>\n\t\t\t\t\t<\/span>\n\t\t\t\t\t<\/a>\n\t\t\t\t<\/div>\n\t\t\t\t\t\t\t\t<\/div>\n\t\t\t\t<\/div>\n\t\t\t\t\t<\/div>\n\t\t\t\t<\/div>\n\t\t\t\t<\/div>\n\t\t","protected":false},"excerpt":{"rendered":"<p>Pour toute entreprise ou institution qui souhaiterait donner des clefs de compr\u00e9hension et d&rsquo;approche dans l&rsquo;accompagnement du deuil, pour leurs professionnels, les responsables de Ressources Humaines confront\u00e9s \u00e0 l\u2019accompagnement de salari\u00e9s en situation de deuil et \/ou b\u00e9n\u00e9voles.<\/p>\n","protected":false},"author":1,"featured_media":0,"parent":0,"menu_order":0,"comment_status":"closed","ping_status":"closed","template":"","meta":{"footnotes":""},"class_list":["post-388","page","type-page","status-publish","hentry"],"yoast_head":"<!-- This site is optimized with the Yoast SEO plugin v27.2 - https:\/\/yoast.com\/product\/yoast-seo-wordpress\/ -->\n<title>formation accompagner le deuil en entreprise<\/title>\n<meta name=\"description\" content=\"Formation destin\u00e9e aux professionnels en entreprise, qui sont en rapport avec des personnes endeuill\u00e9es ou aidantes.\" \/>\n<meta name=\"robots\" content=\"index, follow, max-snippet:-1, max-image-preview:large, max-video-preview:-1\" \/>\n<link rel=\"canonical\" href=\"https:\/\/chemins-de-deuil.fr\/index.php\/formation-accompagner-le-deuil-entreprise\/\" \/>\n<meta property=\"og:locale\" content=\"fr_FR\" \/>\n<meta property=\"og:type\" content=\"article\" \/>\n<meta property=\"og:title\" content=\"formation accompagner le deuil en entreprise\" \/>\n<meta property=\"og:description\" content=\"Formation destin\u00e9e aux professionnels en entreprise, qui sont en rapport avec des personnes endeuill\u00e9es ou aidantes.\" \/>\n<meta property=\"og:url\" content=\"https:\/\/chemins-de-deuil.fr\/index.php\/formation-accompagner-le-deuil-entreprise\/\" \/>\n<meta property=\"og:site_name\" content=\"Chemins de deuil, du corps \u00e0 l&#039;\u00eatre\" \/>\n<meta property=\"article:publisher\" content=\"https:\/\/www.facebook.com\/cheminsdedeuil\" \/>\n<meta property=\"article:modified_time\" content=\"2025-07-04T08:23:59+00:00\" \/>\n<meta property=\"og:image\" content=\"https:\/\/chemins-de-deuil.fr\/wp-content\/uploads\/2025\/04\/logo-adal.png\" \/>\n<meta name=\"twitter:card\" content=\"summary_large_image\" \/>\n<meta name=\"twitter:label1\" content=\"Dur\u00e9e de lecture estim\u00e9e\" \/>\n\t<meta name=\"twitter:data1\" content=\"3 minutes\" \/>\n<script type=\"application\/ld+json\" class=\"yoast-schema-graph\">{\"@context\":\"https:\/\/schema.org\",\"@graph\":[{\"@type\":\"WebPage\",\"@id\":\"https:\/\/chemins-de-deuil.fr\/index.php\/formation-accompagner-le-deuil-entreprise\/\",\"url\":\"https:\/\/chemins-de-deuil.fr\/index.php\/formation-accompagner-le-deuil-entreprise\/\",\"name\":\"formation accompagner le deuil en entreprise\",\"isPartOf\":{\"@id\":\"https:\/\/chemins-de-deuil.fr\/#website\"},\"primaryImageOfPage\":{\"@id\":\"https:\/\/chemins-de-deuil.fr\/index.php\/formation-accompagner-le-deuil-entreprise\/#primaryimage\"},\"image\":{\"@id\":\"https:\/\/chemins-de-deuil.fr\/index.php\/formation-accompagner-le-deuil-entreprise\/#primaryimage\"},\"thumbnailUrl\":\"https:\/\/chemins-de-deuil.fr\/wp-content\/uploads\/2025\/04\/logo-adal.png\",\"datePublished\":\"2025-04-14T13:08:15+00:00\",\"dateModified\":\"2025-07-04T08:23:59+00:00\",\"description\":\"Formation destin\u00e9e aux professionnels en entreprise, qui sont en rapport avec des personnes endeuill\u00e9es ou aidantes.\",\"breadcrumb\":{\"@id\":\"https:\/\/chemins-de-deuil.fr\/index.php\/formation-accompagner-le-deuil-entreprise\/#breadcrumb\"},\"inLanguage\":\"fr-FR\",\"potentialAction\":[{\"@type\":\"ReadAction\",\"target\":[\"https:\/\/chemins-de-deuil.fr\/index.php\/formation-accompagner-le-deuil-entreprise\/\"]}]},{\"@type\":\"ImageObject\",\"inLanguage\":\"fr-FR\",\"@id\":\"https:\/\/chemins-de-deuil.fr\/index.php\/formation-accompagner-le-deuil-entreprise\/#primaryimage\",\"url\":\"https:\/\/chemins-de-deuil.fr\/wp-content\/uploads\/2025\/04\/logo-adal.png\",\"contentUrl\":\"https:\/\/chemins-de-deuil.fr\/wp-content\/uploads\/2025\/04\/logo-adal.png\",\"width\":740,\"height\":740,\"caption\":\"Collaborateur-Chemins-de-deuil-du-corps-\u00e0-l'\u00eatre\"},{\"@type\":\"BreadcrumbList\",\"@id\":\"https:\/\/chemins-de-deuil.fr\/index.php\/formation-accompagner-le-deuil-entreprise\/#breadcrumb\",\"itemListElement\":[{\"@type\":\"ListItem\",\"position\":1,\"name\":\"Accueil\",\"item\":\"https:\/\/chemins-de-deuil.fr\/\"},{\"@type\":\"ListItem\",\"position\":2,\"name\":\"Formation-entreprise\"}]},{\"@type\":\"WebSite\",\"@id\":\"https:\/\/chemins-de-deuil.fr\/#website\",\"url\":\"https:\/\/chemins-de-deuil.fr\/\",\"name\":\"Chemins de deuil, du corps \u00e0 l'\u00eatre\",\"description\":\"Sur le chemin du deuil, accompagner la vie\",\"publisher\":{\"@id\":\"https:\/\/chemins-de-deuil.fr\/#organization\"},\"potentialAction\":[{\"@type\":\"SearchAction\",\"target\":{\"@type\":\"EntryPoint\",\"urlTemplate\":\"https:\/\/chemins-de-deuil.fr\/?s={search_term_string}\"},\"query-input\":{\"@type\":\"PropertyValueSpecification\",\"valueRequired\":true,\"valueName\":\"search_term_string\"}}],\"inLanguage\":\"fr-FR\"},{\"@type\":\"Organization\",\"@id\":\"https:\/\/chemins-de-deuil.fr\/#organization\",\"name\":\"Chemins de deuil, du corps \u00e0 l'\u00eatre\",\"url\":\"https:\/\/chemins-de-deuil.fr\/\",\"logo\":{\"@type\":\"ImageObject\",\"inLanguage\":\"fr-FR\",\"@id\":\"https:\/\/chemins-de-deuil.fr\/#\/schema\/logo\/image\/\",\"url\":\"https:\/\/chemins-de-deuil.fr\/wp-content\/uploads\/2025\/04\/cropped-logoCDD.png\",\"contentUrl\":\"https:\/\/chemins-de-deuil.fr\/wp-content\/uploads\/2025\/04\/cropped-logoCDD.png\",\"width\":923,\"height\":492,\"caption\":\"Chemins de deuil, du corps \u00e0 l'\u00eatre\"},\"image\":{\"@id\":\"https:\/\/chemins-de-deuil.fr\/#\/schema\/logo\/image\/\"},\"sameAs\":[\"https:\/\/www.facebook.com\/cheminsdedeuil\"]}]}<\/script>\n<!-- \/ Yoast SEO plugin. -->","yoast_head_json":{"title":"formation accompagner le deuil en entreprise","description":"Formation destin\u00e9e aux professionnels en entreprise, qui sont en rapport avec des personnes endeuill\u00e9es ou aidantes.","robots":{"index":"index","follow":"follow","max-snippet":"max-snippet:-1","max-image-preview":"max-image-preview:large","max-video-preview":"max-video-preview:-1"},"canonical":"https:\/\/chemins-de-deuil.fr\/index.php\/formation-accompagner-le-deuil-entreprise\/","og_locale":"fr_FR","og_type":"article","og_title":"formation accompagner le deuil en entreprise","og_description":"Formation destin\u00e9e aux professionnels en entreprise, qui sont en rapport avec des personnes endeuill\u00e9es ou aidantes.","og_url":"https:\/\/chemins-de-deuil.fr\/index.php\/formation-accompagner-le-deuil-entreprise\/","og_site_name":"Chemins de deuil, du corps \u00e0 l&#039;\u00eatre","article_publisher":"https:\/\/www.facebook.com\/cheminsdedeuil","article_modified_time":"2025-07-04T08:23:59+00:00","og_image":[{"url":"https:\/\/chemins-de-deuil.fr\/wp-content\/uploads\/2025\/04\/logo-adal.png","type":"","width":"","height":""}],"twitter_card":"summary_large_image","twitter_misc":{"Dur\u00e9e de lecture estim\u00e9e":"3 minutes"},"schema":{"@context":"https:\/\/schema.org","@graph":[{"@type":"WebPage","@id":"https:\/\/chemins-de-deuil.fr\/index.php\/formation-accompagner-le-deuil-entreprise\/","url":"https:\/\/chemins-de-deuil.fr\/index.php\/formation-accompagner-le-deuil-entreprise\/","name":"formation accompagner le deuil en entreprise","isPartOf":{"@id":"https:\/\/chemins-de-deuil.fr\/#website"},"primaryImageOfPage":{"@id":"https:\/\/chemins-de-deuil.fr\/index.php\/formation-accompagner-le-deuil-entreprise\/#primaryimage"},"image":{"@id":"https:\/\/chemins-de-deuil.fr\/index.php\/formation-accompagner-le-deuil-entreprise\/#primaryimage"},"thumbnailUrl":"https:\/\/chemins-de-deuil.fr\/wp-content\/uploads\/2025\/04\/logo-adal.png","datePublished":"2025-04-14T13:08:15+00:00","dateModified":"2025-07-04T08:23:59+00:00","description":"Formation destin\u00e9e aux professionnels en entreprise, qui sont en rapport avec des personnes endeuill\u00e9es ou aidantes.","breadcrumb":{"@id":"https:\/\/chemins-de-deuil.fr\/index.php\/formation-accompagner-le-deuil-entreprise\/#breadcrumb"},"inLanguage":"fr-FR","potentialAction":[{"@type":"ReadAction","target":["https:\/\/chemins-de-deuil.fr\/index.php\/formation-accompagner-le-deuil-entreprise\/"]}]},{"@type":"ImageObject","inLanguage":"fr-FR","@id":"https:\/\/chemins-de-deuil.fr\/index.php\/formation-accompagner-le-deuil-entreprise\/#primaryimage","url":"https:\/\/chemins-de-deuil.fr\/wp-content\/uploads\/2025\/04\/logo-adal.png","contentUrl":"https:\/\/chemins-de-deuil.fr\/wp-content\/uploads\/2025\/04\/logo-adal.png","width":740,"height":740,"caption":"Collaborateur-Chemins-de-deuil-du-corps-\u00e0-l'\u00eatre"},{"@type":"BreadcrumbList","@id":"https:\/\/chemins-de-deuil.fr\/index.php\/formation-accompagner-le-deuil-entreprise\/#breadcrumb","itemListElement":[{"@type":"ListItem","position":1,"name":"Accueil","item":"https:\/\/chemins-de-deuil.fr\/"},{"@type":"ListItem","position":2,"name":"Formation-entreprise"}]},{"@type":"WebSite","@id":"https:\/\/chemins-de-deuil.fr\/#website","url":"https:\/\/chemins-de-deuil.fr\/","name":"Chemins de deuil, du corps \u00e0 l'\u00eatre","description":"Sur le chemin du deuil, accompagner la vie","publisher":{"@id":"https:\/\/chemins-de-deuil.fr\/#organization"},"potentialAction":[{"@type":"SearchAction","target":{"@type":"EntryPoint","urlTemplate":"https:\/\/chemins-de-deuil.fr\/?s={search_term_string}"},"query-input":{"@type":"PropertyValueSpecification","valueRequired":true,"valueName":"search_term_string"}}],"inLanguage":"fr-FR"},{"@type":"Organization","@id":"https:\/\/chemins-de-deuil.fr\/#organization","name":"Chemins de deuil, du corps \u00e0 l'\u00eatre","url":"https:\/\/chemins-de-deuil.fr\/","logo":{"@type":"ImageObject","inLanguage":"fr-FR","@id":"https:\/\/chemins-de-deuil.fr\/#\/schema\/logo\/image\/","url":"https:\/\/chemins-de-deuil.fr\/wp-content\/uploads\/2025\/04\/cropped-logoCDD.png","contentUrl":"https:\/\/chemins-de-deuil.fr\/wp-content\/uploads\/2025\/04\/cropped-logoCDD.png","width":923,"height":492,"caption":"Chemins de deuil, du corps \u00e0 l'\u00eatre"},"image":{"@id":"https:\/\/chemins-de-deuil.fr\/#\/schema\/logo\/image\/"},"sameAs":["https:\/\/www.facebook.com\/cheminsdedeuil"]}]}},"_links":{"self":[{"href":"https:\/\/chemins-de-deuil.fr\/index.php\/wp-json\/wp\/v2\/pages\/388","targetHints":{"allow":["GET"]}}],"collection":[{"href":"https:\/\/chemins-de-deuil.fr\/index.php\/wp-json\/wp\/v2\/pages"}],"about":[{"href":"https:\/\/chemins-de-deuil.fr\/index.php\/wp-json\/wp\/v2\/types\/page"}],"author":[{"embeddable":true,"href":"https:\/\/chemins-de-deuil.fr\/index.php\/wp-json\/wp\/v2\/users\/1"}],"replies":[{"embeddable":true,"href":"https:\/\/chemins-de-deuil.fr\/index.php\/wp-json\/wp\/v2\/comments?post=388"}],"version-history":[{"count":73,"href":"https:\/\/chemins-de-deuil.fr\/index.php\/wp-json\/wp\/v2\/pages\/388\/revisions"}],"predecessor-version":[{"id":1690,"href":"https:\/\/chemins-de-deuil.fr\/index.php\/wp-json\/wp\/v2\/pages\/388\/revisions\/1690"}],"wp:attachment":[{"href":"https:\/\/chemins-de-deuil.fr\/index.php\/wp-json\/wp\/v2\/media?parent=388"}],"curies":[{"name":"wp","href":"https:\/\/api.w.org\/{rel}","templated":true}]}}