{"id":57,"date":"2025-04-04T15:57:05","date_gmt":"2025-04-04T13:57:05","guid":{"rendered":"http:\/\/omugubq.cluster021.hosting.ovh.net\/?page_id=57"},"modified":"2025-06-17T10:27:16","modified_gmt":"2025-06-17T08:27:16","slug":"qui-sommes-nous-chemins-de-deuil","status":"publish","type":"page","link":"https:\/\/chemins-de-deuil.fr\/index.php\/qui-sommes-nous-chemins-de-deuil\/","title":{"rendered":"Qui sommes-nous ?"},"content":{"rendered":"\t\t<div data-elementor-type=\"wp-page\" data-elementor-id=\"57\" class=\"elementor elementor-57\">\n\t\t\t\t<div class=\"elementor-element elementor-element-967b993 e-flex e-con-boxed e-con e-parent\" data-id=\"967b993\" data-element_type=\"container\" data-e-type=\"container\">\n\t\t\t\t\t<div class=\"e-con-inner\">\n\t\t<div class=\"elementor-element elementor-element-9009467 e-con-full e-flex e-con e-child\" data-id=\"9009467\" data-element_type=\"container\" data-e-type=\"container\">\n\t\t\t\t<div class=\"elementor-element elementor-element-9311f69 elementor-widget elementor-widget-heading\" data-id=\"9311f69\" data-element_type=\"widget\" data-e-type=\"widget\" data-widget_type=\"heading.default\">\n\t\t\t\t<div class=\"elementor-widget-container\">\n\t\t\t\t\t<h2 class=\"elementor-heading-title elementor-size-default\">Notre accompagnement<\/h2>\t\t\t\t<\/div>\n\t\t\t\t<\/div>\n\t\t\t\t<div class=\"elementor-element elementor-element-76b0b6b elementor-widget elementor-widget-text-editor\" data-id=\"76b0b6b\" data-element_type=\"widget\" data-e-type=\"widget\" data-widget_type=\"text-editor.default\">\n\t\t\t\t<div class=\"elementor-widget-container\">\n\t\t\t\t\t\t\t\t\t<p class=\"cvGsUA direction-ltr align-start para-style-body\"><span class=\"OYPEnA font-feature-liga-off font-feature-clig-off font-feature-calt-off text-decoration-none text-strikethrough-none\">Nos accompagnements reposent sur la prise en compte de toutes les dimensions de la personne que le deuil bouleverse, du corps \u00e0 l\u2019\u00eatre.<\/span><\/p><p class=\"cvGsUA direction-ltr align-start para-style-body\"><span class=\"OYPEnA font-feature-liga-off font-feature-clig-off font-feature-calt-off text-decoration-none text-strikethrough-none\">Avec comme \u00e9l\u00e9ments fondateurs :\u2028<\/span><\/p><p class=\"cvGsUA direction-ltr align-start para-style-body\"><span class=\"OYPEnA font-feature-liga-off font-feature-clig-off font-feature-calt-off text-decoration-none text-strikethrough-none\">&#8211; S\u2019appuyer sur une compr\u00e9hension symbolique du processus naturel du deuil qui relie l\u2019universel \u00e0 l\u2019individuel ;\u2028<\/span><\/p><p class=\"cvGsUA direction-ltr align-start para-style-body\"><span class=\"OYPEnA font-feature-liga-off font-feature-clig-off font-feature-calt-off text-decoration-none text-strikethrough-none\">&#8211; Introduire des approches corporelles afin de remettre le corps en mouvement avec une conscience sensorielle et non m\u00e9canique.\u2028<\/span><\/p><p class=\"cvGsUA direction-ltr align-start para-style-body\"><span class=\"OYPEnA font-feature-liga-off font-feature-clig-off font-feature-calt-off text-decoration-none text-strikethrough-none\">&#8211; Vivre des temps de cr\u00e9ativit\u00e9 afin de nourrir la vitalit\u00e9 pour r\u00e9investir sa vie et la transformer.<\/span><\/p>\t\t\t\t\t\t\t\t<\/div>\n\t\t\t\t<\/div>\n\t\t\t\t<div class=\"elementor-element elementor-element-cb29898 elementor-widget elementor-widget-heading\" data-id=\"cb29898\" data-element_type=\"widget\" data-e-type=\"widget\" data-widget_type=\"heading.default\">\n\t\t\t\t<div class=\"elementor-widget-container\">\n\t\t\t\t\t<h2 class=\"elementor-heading-title elementor-size-default\">Contribuer \u00e0 faire de toute exp\u00e9rience de deuil un chemin de croissance.<\/h2>\t\t\t\t<\/div>\n\t\t\t\t<\/div>\n\t\t\t\t<div class=\"elementor-element elementor-element-9b40cee elementor-align-center elementor-widget elementor-widget-button\" data-id=\"9b40cee\" data-element_type=\"widget\" data-e-type=\"widget\" data-widget_type=\"button.default\">\n\t\t\t\t<div class=\"elementor-widget-container\">\n\t\t\t\t\t\t\t\t\t<div class=\"elementor-button-wrapper\">\n\t\t\t\t\t<a class=\"elementor-button elementor-button-link elementor-size-sm\" href=\"https:\/\/chemins-de-deuil.fr\/index.php\/accompagnement-du-deuil\/\">\n\t\t\t\t\t\t<span class=\"elementor-button-content-wrapper\">\n\t\t\t\t\t\t\t\t\t<span class=\"elementor-button-text\">D\u00e9couvrir nos accompagnements<\/span>\n\t\t\t\t\t<\/span>\n\t\t\t\t\t<\/a>\n\t\t\t\t<\/div>\n\t\t\t\t\t\t\t\t<\/div>\n\t\t\t\t<\/div>\n\t\t\t\t<\/div>\n\t\t<div class=\"elementor-element elementor-element-583d82b e-con-full e-flex e-con e-child\" data-id=\"583d82b\" data-element_type=\"container\" data-e-type=\"container\">\n\t\t\t\t<div class=\"elementor-element elementor-element-993d7fd elementor-widget elementor-widget-image\" data-id=\"993d7fd\" data-element_type=\"widget\" data-e-type=\"widget\" data-widget_type=\"image.default\">\n\t\t\t\t<div class=\"elementor-widget-container\">\n\t\t\t\t\t\t\t\t\t\t\t\t\t\t\t<img decoding=\"async\" src=\"https:\/\/chemins-de-deuil.fr\/wp-content\/uploads\/elementor\/thumbs\/10-spirale-r6uzrnbx7ucp60pk1vahm7yrcnkl6cyxyayr5moewg.jpg\" title=\"accompagnement-chemin-de-deuil\" alt=\"accompagnement-chemin-de-deuil\" loading=\"lazy\" \/>\t\t\t\t\t\t\t\t\t\t\t\t\t\t\t<\/div>\n\t\t\t\t<\/div>\n\t\t\t\t<\/div>\n\t\t\t\t\t<\/div>\n\t\t\t\t<\/div>\n\t\t<div class=\"elementor-element elementor-element-9f8042c e-flex e-con-boxed e-con e-parent\" data-id=\"9f8042c\" data-element_type=\"container\" data-e-type=\"container\">\n\t\t\t\t\t<div class=\"e-con-inner\">\n\t\t<div class=\"elementor-element elementor-element-45b5407 e-con-full e-flex e-con e-child\" data-id=\"45b5407\" data-element_type=\"container\" data-e-type=\"container\">\n\t\t\t\t<div class=\"elementor-element elementor-element-e7eb068 elementor-widget-divider--view-line elementor-widget elementor-widget-divider\" data-id=\"e7eb068\" data-element_type=\"widget\" data-e-type=\"widget\" data-widget_type=\"divider.default\">\n\t\t\t\t<div class=\"elementor-widget-container\">\n\t\t\t\t\t\t\t<div class=\"elementor-divider\">\n\t\t\t<span class=\"elementor-divider-separator\">\n\t\t\t\t\t\t<\/span>\n\t\t<\/div>\n\t\t\t\t\t\t<\/div>\n\t\t\t\t<\/div>\n\t\t\t\t<div class=\"elementor-element elementor-element-db3a420 elementor-widget elementor-widget-image\" data-id=\"db3a420\" data-element_type=\"widget\" data-e-type=\"widget\" data-widget_type=\"image.default\">\n\t\t\t\t<div class=\"elementor-widget-container\">\n\t\t\t\t\t\t\t\t\t\t\t\t\t\t\t<img fetchpriority=\"high\" decoding=\"async\" width=\"507\" height=\"380\" src=\"https:\/\/chemins-de-deuil.fr\/wp-content\/uploads\/2025\/06\/12-chemins-carre.jpg\" class=\"attachment-large size-large wp-image-1576\" alt=\"equipe-chemins-de-deuil\" srcset=\"https:\/\/chemins-de-deuil.fr\/wp-content\/uploads\/2025\/06\/12-chemins-carre.jpg 507w, https:\/\/chemins-de-deuil.fr\/wp-content\/uploads\/2025\/06\/12-chemins-carre-300x225.jpg 300w\" sizes=\"(max-width: 507px) 100vw, 507px\" \/>\t\t\t\t\t\t\t\t\t\t\t\t\t\t\t<\/div>\n\t\t\t\t<\/div>\n\t\t\t\t<\/div>\n\t\t<div class=\"elementor-element elementor-element-bce69d2 e-con-full e-flex e-con e-child\" data-id=\"bce69d2\" data-element_type=\"container\" data-e-type=\"container\">\n\t\t<div class=\"elementor-element elementor-element-b2cd00d e-con-full e-flex e-con e-child\" data-id=\"b2cd00d\" data-element_type=\"container\" data-e-type=\"container\">\n\t\t\t\t<div class=\"elementor-element elementor-element-eb27d7f elementor-widget elementor-widget-heading\" data-id=\"eb27d7f\" data-element_type=\"widget\" data-e-type=\"widget\" data-widget_type=\"heading.default\">\n\t\t\t\t<div class=\"elementor-widget-container\">\n\t\t\t\t\t<h2 class=\"elementor-heading-title elementor-size-default\">L\u2019\u00e9quipe Chemins de deuil<\/h2>\t\t\t\t<\/div>\n\t\t\t\t<\/div>\n\t\t\t\t<div class=\"elementor-element elementor-element-687534d elementor-widget elementor-widget-text-editor\" data-id=\"687534d\" data-element_type=\"widget\" data-e-type=\"widget\" data-widget_type=\"text-editor.default\">\n\t\t\t\t<div class=\"elementor-widget-container\">\n\t\t\t\t\t\t\t\t\t<p class=\"cvGsUA direction-ltr align-start para-style-body\"><strong><span class=\"OYPEnA font-feature-liga-off font-feature-clig-off font-feature-calt-off text-decoration-none text-strikethrough-none\">L\u2019\u00e9quipe 2025 : <br \/><\/span><\/strong><\/p><p class=\"cvGsUA direction-ltr align-start para-style-body\"><em><span class=\"OYPEnA font-feature-liga-off font-feature-clig-off font-feature-calt-off text-decoration-none text-strikethrough-none\">G\u00e9raldine Bu\u00ebche, Cathy Cadiou, Vinciane Delforge, Mireille Gibert, Anand et Shanti Jeannot , Satya Jeannot, Marion Lab\u00e9jof, Anne Lopez,<\/span> <span class=\"OYPEnA font-feature-liga-off font-feature-clig-off font-feature-calt-off text-decoration-none text-strikethrough-none\">Florence Perelle, Florence Perez, Marie Piffeteau.<\/span><\/em><\/p><p class=\"cvGsUA direction-ltr align-start para-style-body\"><span class=\"OYPEnA font-feature-liga-off font-feature-clig-off font-feature-calt-off text-decoration-none text-strikethrough-none\">Dipl\u00f4m\u00e9s ( branches Th\u00e9rapies psycho-corporelles, Psychologie, Artistique) et sp\u00e9cialement form\u00e9s pour l&rsquo;accompagnement du deuil, les intervenants sont aussi formateurs \u00e0 l\u2019attention de professionnels souhaitant se sp\u00e9cialiser dans cet accompagnement sp\u00e9cifique.<\/span><\/p><p class=\"cvGsUA direction-ltr align-start para-style-body\"><span class=\"OYPEnA font-feature-liga-off font-feature-clig-off font-feature-calt-off text-decoration-none text-strikethrough-none\">\u2028Ils sont auteurs de plusieurs ouvrages pour le tout public et aussi en direction des professionnels.<\/span><\/p><p class=\"cvGsUA direction-ltr align-start para-style-body\"><span class=\"OYPEnA font-feature-liga-off font-feature-clig-off font-feature-calt-off text-decoration-none text-strikethrough-none\">Continuer, au fil des ann\u00e9es, le travail de recherche sur le mouvement du deuil, est pour nous une des valeurs importantes qui permet de nourrir la qualit\u00e9 et l\u2019\u00e9volution de notre accompagnement.<\/span><\/p>\t\t\t\t\t\t\t\t<\/div>\n\t\t\t\t<\/div>\n\t\t\t\t<\/div>\n\t\t\t\t<\/div>\n\t\t\t\t\t<\/div>\n\t\t\t\t<\/div>\n\t\t<div class=\"elementor-element elementor-element-ee09b12 e-flex e-con-boxed e-con e-parent\" data-id=\"ee09b12\" data-element_type=\"container\" data-e-type=\"container\" data-settings=\"{&quot;background_background&quot;:&quot;classic&quot;}\">\n\t\t\t\t\t<div class=\"e-con-inner\">\n\t\t<div class=\"elementor-element elementor-element-df203e7 e-con-full e-flex e-con e-child\" data-id=\"df203e7\" data-element_type=\"container\" data-e-type=\"container\">\n\t\t\t\t<div class=\"elementor-element elementor-element-3291927 elementor-align-center elementor-widget elementor-widget-button\" data-id=\"3291927\" data-element_type=\"widget\" data-e-type=\"widget\" data-widget_type=\"button.default\">\n\t\t\t\t<div class=\"elementor-widget-container\">\n\t\t\t\t\t\t\t\t\t<div class=\"elementor-button-wrapper\">\n\t\t\t\t\t<a class=\"elementor-button elementor-button-link elementor-size-sm\" href=\"https:\/\/chemins-de-deuil.fr\/index.php\/nos-actions\/\">\n\t\t\t\t\t\t<span class=\"elementor-button-content-wrapper\">\n\t\t\t\t\t\t\t\t\t<span class=\"elementor-button-text\">Nos actions<\/span>\n\t\t\t\t\t<\/span>\n\t\t\t\t\t<\/a>\n\t\t\t\t<\/div>\n\t\t\t\t\t\t\t\t<\/div>\n\t\t\t\t<\/div>\n\t\t\t\t<div class=\"elementor-element elementor-element-08ef0a4 elementor-align-center elementor-widget elementor-widget-button\" data-id=\"08ef0a4\" data-element_type=\"widget\" data-e-type=\"widget\" data-widget_type=\"button.default\">\n\t\t\t\t<div class=\"elementor-widget-container\">\n\t\t\t\t\t\t\t\t\t<div class=\"elementor-button-wrapper\">\n\t\t\t\t\t<a class=\"elementor-button elementor-button-link elementor-size-sm\" href=\"https:\/\/chemins-de-deuil.fr\/index.php\/ressources\/\">\n\t\t\t\t\t\t<span class=\"elementor-button-content-wrapper\">\n\t\t\t\t\t\t\t\t\t<span class=\"elementor-button-text\">D\u00e9couvrir nos ressources<\/span>\n\t\t\t\t\t<\/span>\n\t\t\t\t\t<\/a>\n\t\t\t\t<\/div>\n\t\t\t\t\t\t\t\t<\/div>\n\t\t\t\t<\/div>\n\t\t\t\t<\/div>\n\t\t\t\t\t<\/div>\n\t\t\t\t<\/div>\n\t\t<div class=\"elementor-element elementor-element-ab56dbb e-flex e-con-boxed e-con e-parent\" data-id=\"ab56dbb\" data-element_type=\"container\" data-e-type=\"container\">\n\t\t\t\t\t<div class=\"e-con-inner\">\n\t\t<div class=\"elementor-element elementor-element-b6580ed e-con-full e-flex e-con e-child\" data-id=\"b6580ed\" data-element_type=\"container\" data-e-type=\"container\">\n\t\t\t\t<div class=\"elementor-element elementor-element-6e6e631 elementor-widget elementor-widget-heading\" data-id=\"6e6e631\" data-element_type=\"widget\" data-e-type=\"widget\" data-widget_type=\"heading.default\">\n\t\t\t\t<div class=\"elementor-widget-container\">\n\t\t\t\t\t<h2 class=\"elementor-heading-title elementor-size-default\">30 ans d'exp\u00e9riences dans l'accompagnement du deuil...<\/h2>\t\t\t\t<\/div>\n\t\t\t\t<\/div>\n\t\t\t\t<div class=\"elementor-element elementor-element-88e70e5 elementor-widget elementor-widget-text-editor\" data-id=\"88e70e5\" data-element_type=\"widget\" data-e-type=\"widget\" data-widget_type=\"text-editor.default\">\n\t\t\t\t<div class=\"elementor-widget-container\">\n\t\t\t\t\t\t\t\t\t<p class=\"cvGsUA direction-ltr align-start para-style-body\"><span class=\"OYPEnA font-feature-liga-off font-feature-clig-off font-feature-calt-off text-decoration-none text-strikethrough-none\">L\u2019appellation Chemins de deuil et la structure associative sont apparues en 2015 pour donner ce cadre n\u00e9cessaire \u00e0 l\u2019\u00e9quipe, qui travaillait d\u00e9j\u00e0 depuis 10 ans sur le sujet de l\u2019accompagnement du deuil.<\/span><\/p><p class=\"cvGsUA direction-ltr align-start para-style-body\"><span class=\"OYPEnA font-feature-liga-off font-feature-clig-off font-feature-calt-off text-decoration-none text-strikethrough-none\">Les d\u00e9buts ont \u00e9t\u00e9 impuls\u00e9s par Genevi\u00e8ve Manent, Fabienne Manent-Gillot et Jean-Paul Deremble qui \u00e9tait d\u00e9j\u00e0 pr\u00e9sident de l\u2019ADAL, avec qui nous sommes toujours en partenariat.<\/span><\/p><p>De par leur travail d\u2019\u00e9quipe, les accompagnants de Chemins de deuil partagent une v\u00e9ritable expertise, remarqu\u00e9e et sollicit\u00e9e par les services d&rsquo;Actions Sociales de plusieurs groupes de Retraite* pendant de longues ann\u00e9es. Durant cette exp\u00e9rience partag\u00e9e, l\u2019accompagnement en groupe a vu le jour, d&rsquo;abord pour des adultes puis pour des familles o\u00f9, parent comme enfant, sont accompagn\u00e9s suite au d\u00e9c\u00e8s d\u2019un des parents ou du d\u00e9c\u00e8s d\u2019un enfant.<\/p><p>Nous sommes aussi sollicit\u00e9s par des associations de b\u00e9n\u00e9voles d\u00e9di\u00e9es \u00e0 l\u2019accompagnement fin de vie et\/ou \u00e0 l\u2019accompagnement du deuil pour des formations, conf\u00e9rences, ateliers. Certaines envoient leurs membres suivre notre formation annuelle. La sp\u00e9cificit\u00e9 de nos repr\u00e9sentations symboliques pour transmettre le mouvement du deuil, li\u00e9e \u00e9troitement avec l\u2019intelligence du corps et de la cr\u00e9ativit\u00e9, est particuli\u00e8rement appr\u00e9ci\u00e9e pour l\u2019humanit\u00e9 profonde qu\u2019elle apporte avec simplicit\u00e9.<\/p><p>*AG2R La Mondiale met en place deux s\u00e9jours famille (d\u00e9c\u00e8s d\u2019un parent).<\/p><p class=\"cvGsUA direction-ltr align-start para-style-body\">\u00a0<\/p>\t\t\t\t\t\t\t\t<\/div>\n\t\t\t\t<\/div>\n\t\t\t\t<\/div>\n\t\t<div class=\"elementor-element elementor-element-3036a8a e-con-full e-flex e-con e-child\" data-id=\"3036a8a\" data-element_type=\"container\" data-e-type=\"container\">\n\t\t\t\t<div class=\"elementor-element elementor-element-e864207 elementor-widget elementor-widget-image\" data-id=\"e864207\" data-element_type=\"widget\" data-e-type=\"widget\" data-widget_type=\"image.default\">\n\t\t\t\t<div class=\"elementor-widget-container\">\n\t\t\t\t\t\t\t\t\t\t\t\t\t\t\t<img decoding=\"async\" src=\"https:\/\/chemins-de-deuil.fr\/wp-content\/uploads\/elementor\/thumbs\/09-poupee-choc-r6uzgmo2bm0zre6w4vc6fv8kxp6x22hkgl9cqcfts8.jpg\" title=\"experience-chemin-de-deuil\" alt=\"experience-chemin-de-deuil\" loading=\"lazy\" \/>\t\t\t\t\t\t\t\t\t\t\t\t\t\t\t<\/div>\n\t\t\t\t<\/div>\n\t\t\t\t<\/div>\n\t\t\t\t\t<\/div>\n\t\t\t\t<\/div>\n\t\t<div class=\"elementor-element elementor-element-29b3df6d e-flex e-con-boxed e-con e-parent\" data-id=\"29b3df6d\" data-element_type=\"container\" data-e-type=\"container\" data-settings=\"{&quot;background_background&quot;:&quot;classic&quot;}\">\n\t\t\t\t\t<div class=\"e-con-inner\">\n\t\t<div class=\"elementor-element elementor-element-70910a62 e-con-full e-flex e-con e-child\" data-id=\"70910a62\" data-element_type=\"container\" data-e-type=\"container\">\n\t\t\t\t<div class=\"elementor-element elementor-element-6623b3fc elementor-view-default elementor-position-block-start elementor-mobile-position-block-start elementor-widget elementor-widget-icon-box\" data-id=\"6623b3fc\" data-element_type=\"widget\" data-e-type=\"widget\" data-widget_type=\"icon-box.default\">\n\t\t\t\t<div class=\"elementor-widget-container\">\n\t\t\t\t\t\t\t<div class=\"elementor-icon-box-wrapper\">\n\n\t\t\t\t\t\t<div class=\"elementor-icon-box-icon\">\n\t\t\t\t<span  class=\"elementor-icon\">\n\t\t\t\t<svg xmlns=\"http:\/\/www.w3.org\/2000\/svg\" id=\"Calque_1\" viewBox=\"0 0 384 384\"><path d=\"M0,149.2c7.5-24.2,37.6-26.6,48.9-3.5l22.3,59.5c3.9-.7,7.6-2.6,11.7-2.7s7.5.9,10.6,2.2c27.5,20.3,69.1,36.5,88.9,64.8s5.6,10.4,8.7,15.3c.3.5-.2,1.3,1.3,1s5.5-10.6,6.8-12.7c19.7-31,62.3-47.2,91.3-68.4,3.2-1.3,7.2-2.3,10.6-2.2s7.7,2.1,11.7,2.7l22.3-59.5c11.3-23.1,41.2-20.7,48.9,3.5v10.5l-1.5,12.2-22.9,90.3c-13.1,41.5-47.5,65.3-81.7,88.5l-.4,4.4c2.2,22.8-8.8,25.5-29.3,25.9l-18.1.4c-35.8-1.3-71.5-1.6-107.2-1-16.8,0-16.9-17.5-16.6-29.5l-33.4-24.1c-22.4-16.2-39.3-38.5-48.4-64.7L1.5,172l-1.5-12.2v-10.5ZM184.5,363c1-38.8,2.8-75.6-30.8-101.6s-45.6-28-66.7-42.8c-9.9-3-17.3,8.3-9.8,15.8,10.6,10.7,27.2,19.3,37.9,30.3,4.9,6.8-1.6,14.4-9.4,11.6-11.9-10.4-26.8-19.4-38.3-30s-10.2-16.7-7.8-27.4c-8.3-20.4-14.6-42.2-23.1-62.4s-3-9.1-8.7-10.9c-7-2.2-12.6,2.7-12.9,9.8,16.3,49.3,15.5,109.7,55.1,147.5,14.7,14,36.1,23.8,50.2,36.8.5.4,2.7,3.1,2.7,3.3v19.9h61.5ZM261,363v-19.9c0-.2,2.3-2.8,2.7-3.3,10.4-9.7,28.1-19.1,40-28.3,19.7-15.4,33.9-35.3,41.1-59.4,9.4-31.5,15.1-65,24.2-96.6-.2-7.1-5.8-12-12.9-9.8-5.7,1.8-6.6,5.9-8.7,10.9-8.5,20.2-14.8,42.1-23.1,62.4,2.3,10.8.4,19.8-7.8,27.4s-26.5,19.6-38.3,30c-7.8,2.8-14.2-4.8-9.4-11.6,10.9-10.7,25.7-19,36.8-29.2,8.8-8.1,2.5-19.3-8.6-16.9-21,14.8-46.4,27.2-66.7,42.8-33.6,25.9-31.8,62.8-30.8,101.6h61.5Z\" fill=\"#f59530\"><\/path><g><path d=\"M85.9,167.2c-4.9-.8-10.6-7-11.4-11.8.6-15.2-1.4-32-.2-47.1,1.2-14.9,12.5-28.3,27-31.9-26.8-30.9-.2-78.6,40.5-70.1,22.8,4.7,37.1,27.2,33,49.9,11.4-4.5,23.2-4.7,34.5,0-3.6-19.8,7.2-40.6,26.1-47.8,42.6-16.3,76.5,34.4,47.4,68.1,14.1,3.2,25.7,16.9,27,31.1,1.4,15.2-.8,32.4-.2,47.8-.2,4.2-7.5,11.8-11.4,11.8h-47.6v36.4c0,2.7-5.2,8.4-7.7,9.5-6.4,2.9-23.3,4.6-24.4-5.2s3.1-8.4,5.5-8.4h11.6v-43.1c0-9.1-11.2-17.8-19.8-18.4-10-.8-41.9-1.5-50.7.4-7,1.4-16.5,10.8-16.5,18v43.1h11.6c2.5,0,5.9,5.8,5.6,8.6-1,9.8-18.2,8-24.5,5.1s-7.7-6.8-7.7-9.5v-36.4h-47.6ZM159.9,47.9c0-14.9-12.1-27.1-27.1-27.1s-27.1,12.1-27.1,27.1,12.1,27.1,27.1,27.1,27.1-12.1,27.1-27.1ZM278.2,47.9c0-14.9-12.1-27.1-27.1-27.1s-27.1,12.1-27.1,27.1,12.1,27.1,27.1,27.1,27.1-12.1,27.1-27.1ZM219.1,95.2c0-14.9-12.1-27.1-27.1-27.1s-27.1,12.1-27.1,27.1,12.1,27.1,27.1,27.1,27.1-12.1,27.1-27.1ZM150,90.7h-43.9c-6.9,0-16.9,12.3-16.9,19.1v42.4h45c1.7-13.8,13.1-24.9,26.2-28.5-7.8-8.8-12.4-21.3-10.5-33ZM294.8,152.2v-42.4c0-7.7-8.9-17.4-16.5-18.8l-44.3-.3c1.9,11.6-2.8,24.2-10.5,33,13.2,3.6,24.4,14.7,26.2,28.5h45Z\" fill=\"#f59530\"><\/path><circle cx=\"192\" cy=\"207.2\" r=\"7.7\" fill=\"#f59530\"><\/circle><\/g><\/svg>\t\t\t\t<\/span>\n\t\t\t<\/div>\n\t\t\t\n\t\t\t\t\t\t<div class=\"elementor-icon-box-content\">\n\n\t\t\t\t\t\t\t\t\t<h3 class=\"elementor-icon-box-title\">\n\t\t\t\t\t\t<span  >\n\t\t\t\t\t\t\tHumanit\u00e9\t\t\t\t\t\t<\/span>\n\t\t\t\t\t<\/h3>\n\t\t\t\t\n\t\t\t\t\n\t\t\t<\/div>\n\t\t\t\n\t\t<\/div>\n\t\t\t\t\t\t<\/div>\n\t\t\t\t<\/div>\n\t\t\t\t<\/div>\n\t\t<div class=\"elementor-element elementor-element-5619746e e-con-full e-flex e-con e-child\" data-id=\"5619746e\" data-element_type=\"container\" data-e-type=\"container\">\n\t\t\t\t<div class=\"elementor-element elementor-element-5e46bd89 elementor-view-default elementor-position-block-start elementor-mobile-position-block-start elementor-widget elementor-widget-icon-box\" data-id=\"5e46bd89\" data-element_type=\"widget\" data-e-type=\"widget\" data-widget_type=\"icon-box.default\">\n\t\t\t\t<div class=\"elementor-widget-container\">\n\t\t\t\t\t\t\t<div class=\"elementor-icon-box-wrapper\">\n\n\t\t\t\t\t\t<div class=\"elementor-icon-box-icon\">\n\t\t\t\t<span  class=\"elementor-icon\">\n\t\t\t\t<svg xmlns=\"http:\/\/www.w3.org\/2000\/svg\" id=\"Calque_1\" viewBox=\"0 0 384 384\"><path d=\"M176.3,0c17.5,1.1,46.9,6.9,60.8,18.4,2.7,2.2,8.8,8.6,8.9,12l-84.3,224.6-1.5,1.5L75,30.4c0-1.7.9-3,1.7-4.4C86.4,8.5,126.6,1.1,144.8,0c9.3-.6,22.2-.6,31.5,0Z\" fill=\"#f59530\"><\/path><g><path d=\"M334.3,179l-179,105.2,91.3-184.3c1.3-2.5,4.8-4,7.5-4.5,32-7.2,86.8,44,82.5,76.5s-1.5,6.2-2.3,7.1Z\" fill=\"#f59530\"><\/path><g><path d=\"M296.7,311c-5.1,5-6.8,5.2-13.6,4.8-44-3.1-91-9.1-135-14.2-2.4-.3-5-.5-7.4-.8s-4.5-.4-5-1.4l154.2-74.1c7.1-4.3,13.4,1.7,16.9,7.6,11.1,19.4,6.1,62.4-10.1,78.2Z\" fill=\"#f59530\"><\/path><g><path d=\"M189.8,384h-3.8l-69-84,126,26.6c2.8,4.5,1.2,8.7-.4,13.1-5.7,15.4-29.1,36.2-44.4,41.8l-8.5,2.4Z\" fill=\"#f59530\"><\/path><path d=\"M122.2,384c-4.3.4-13.8.5-18,0s-12.7-3.8-13.2-7.1l15.8-85.2,48,75.7c-2.2,8.4-13.2,11.9-20.6,13.9s-8.8,2.3-12,2.6Z\" fill=\"#f59530\"><\/path><path d=\"M106.5,282l-21,71.6c-10.8,5.7-30.4-5.8-35.9-15.1-1.4-2.4-3.6-7.1-1.7-9.7l58.5-46.8Z\" fill=\"#f59530\"><\/path><path d=\"M112.5,275.3l-52,35.4c-6.3,2.4-9.7-6.5-10.8-11.3-1.6-7.2-1.4-16.7,5.1-21.5l57.7-2.6Z\" fill=\"#f59530\"><\/path><path d=\"M119.2,274.5c-.9-.4-1.6-.7-2.6-.8-14.8-.5-29.5-.6-44.2-1.5-5.2-1-1.3-8.2.2-11,2.3-4.2,7.1-9.7,11.5-11.8s4.4-1.3,7.8,1.1c6.9,4.9,20.1,15.5,25.9,21.3s1.8,1.3,1.5,2.6Z\" fill=\"#f59530\"><\/path><path d=\"M127.5,278.2c2.6-1.5,11-11.1,13.2-11.3,4-.4,6.4,7.9,4.8,10.7s-13.2,3.3-15.8,3.6c-.2,1.3,1.8.8,2.6.8,2.5,0,4.6-.9,7.1-.8-1.1,16.4-9.9,6.4-18.7,3l4.1-4.1,2.7-27.2c1.7-2.7,17.4,1.1,15.5,7.6s-12.1,12.8-14.1,15.2-1.8,1.2-1.5,2.6Z\" fill=\"#f59530\"><\/path><path d=\"M123.6,244.6l.5,31.4-23.5-24.2c.5-5.5,18.4-10.2,23-7.2Z\" fill=\"#f59530\"><\/path><\/g><\/g><\/g><\/svg>\t\t\t\t<\/span>\n\t\t\t<\/div>\n\t\t\t\n\t\t\t\t\t\t<div class=\"elementor-icon-box-content\">\n\n\t\t\t\t\t\t\t\t\t<h3 class=\"elementor-icon-box-title\">\n\t\t\t\t\t\t<span  >\n\t\t\t\t\t\t\tCorps\t\t\t\t\t\t<\/span>\n\t\t\t\t\t<\/h3>\n\t\t\t\t\n\t\t\t\t\n\t\t\t<\/div>\n\t\t\t\n\t\t<\/div>\n\t\t\t\t\t\t<\/div>\n\t\t\t\t<\/div>\n\t\t\t\t<\/div>\n\t\t<div class=\"elementor-element elementor-element-4439c9b7 e-con-full e-flex e-con e-child\" data-id=\"4439c9b7\" data-element_type=\"container\" data-e-type=\"container\">\n\t\t\t\t<div class=\"elementor-element elementor-element-15a4b24f elementor-view-default elementor-position-block-start elementor-mobile-position-block-start elementor-widget elementor-widget-icon-box\" data-id=\"15a4b24f\" data-element_type=\"widget\" data-e-type=\"widget\" data-widget_type=\"icon-box.default\">\n\t\t\t\t<div class=\"elementor-widget-container\">\n\t\t\t\t\t\t\t<div class=\"elementor-icon-box-wrapper\">\n\n\t\t\t\t\t\t<div class=\"elementor-icon-box-icon\">\n\t\t\t\t<span  class=\"elementor-icon\">\n\t\t\t\t<svg xmlns=\"http:\/\/www.w3.org\/2000\/svg\" id=\"Calque_1\" viewBox=\"0 0 384 384\"><path d=\"M93,238.5c-25.2-7.3-50.8-27.3-43-56.8,5-18.6,25.6-31.1,43-36.2,0-1.1-1.1-1.2-1.8-1.5-18.5-8.5-40.2-17.8-42.4-41.6-4.7-52.1,80-62,116.6-63.4,49.2-1.9,110.8,1.9,147,39,4.4-9.1.9-25,16.5-23.3,19.3,2.2,6.9,35.6-1.1,44.6,13.7,25.3,15.1,56.9,3.8,83.4-.9,2.2-4.5,7.4-4.6,8.9s6.7,14.5,7.7,17.8c6.5,20.7,5.9,44.2-1.9,64.5s-5.1,9.2-5,10.7,6.7,11,7.8,13.9c4.1,10.7,7.8,32-9.8,30.8s-9-15.4-13.5-23.3c-15.3,16.8-37.6,26.6-59.5,32-46.5,11.5-142.9,11.5-183.4-16.4-28.2-19.5-28-51.4,0-71,7.1-5,14-7.1,21.6-10.6s1.8-.5,1.8-1.5ZM164.8,63.2c-22.6,1-75,6.4-89.1,25.7-6.8,9.3-1.9,17.7,6.1,23.9,27.4,21.3,106,22.3,139.7,18.3s49.3-9.2,66.4-22.8,9.6-9.1,9.7-9.8c.3-1.8-6.5-8.3-8.1-9.7-29.7-25.4-87.3-27.2-124.7-25.6ZM311.2,170.2c5-16.5,5.4-33.8,0-50.2-4,2.3-6.8,5.8-10.6,8.5-9.7,7.2-20.8,12.4-32.2,16.6,16,4.8,30.5,13.8,42.7,25.1ZM174.6,157c-22.8.6-46.9,2.5-68.8,9.2-44.2,13.4-44.3,38.4,0,51.7,43.8,13.2,123.5,13.8,165.5-5.5,5.4-2.5,25.6-14.5,26.4-20.1s-11.4-11.9-13.9-13.6c-28.6-19.4-75.4-22.6-109.1-21.7ZM311.2,264c5.4-16.4,5-33.8,0-50.2-11.9,11.2-26.3,20.2-42,24.8,2.4,2.4,6.8,3.1,10,4.6,7.1,3.2,15.2,7.7,21.4,12.3s6.1,6.1,8.7,7.8.7,1,1.9.7ZM164.8,251.5c-22.6,1-75,6.3-89.1,25.7-14.4,19.7,20.6,32.5,34.3,36.2,45.1,12.1,136.7,13.5,175.6-15.2,1.9-1.4,11.7-9.8,12-11.3s-6.5-8.3-8.1-9.7c-29.7-25.4-87.3-27.2-124.7-25.6Z\" fill=\"#f59530\"><\/path><\/svg>\t\t\t\t<\/span>\n\t\t\t<\/div>\n\t\t\t\n\t\t\t\t\t\t<div class=\"elementor-icon-box-content\">\n\n\t\t\t\t\t\t\t\t\t<h3 class=\"elementor-icon-box-title\">\n\t\t\t\t\t\t<span  >\n\t\t\t\t\t\t\tCr\u00e9ativit\u00e9\t\t\t\t\t\t<\/span>\n\t\t\t\t\t<\/h3>\n\t\t\t\t\n\t\t\t\t\n\t\t\t<\/div>\n\t\t\t\n\t\t<\/div>\n\t\t\t\t\t\t<\/div>\n\t\t\t\t<\/div>\n\t\t\t\t<\/div>\n\t\t<div class=\"elementor-element elementor-element-53e93b47 e-con-full e-flex e-con e-child\" data-id=\"53e93b47\" data-element_type=\"container\" data-e-type=\"container\">\n\t\t\t\t<div class=\"elementor-element elementor-element-171b07f6 elementor-view-default elementor-position-block-start elementor-mobile-position-block-start elementor-widget elementor-widget-icon-box\" data-id=\"171b07f6\" data-element_type=\"widget\" data-e-type=\"widget\" data-widget_type=\"icon-box.default\">\n\t\t\t\t<div class=\"elementor-widget-container\">\n\t\t\t\t\t\t\t<div class=\"elementor-icon-box-wrapper\">\n\n\t\t\t\t\t\t<div class=\"elementor-icon-box-icon\">\n\t\t\t\t<span  class=\"elementor-icon\">\n\t\t\t\t<svg xmlns=\"http:\/\/www.w3.org\/2000\/svg\" id=\"Calque_1\" viewBox=\"0 0 384 384\"><path d=\"M48,177v17.6c0,1.7,2.3,8.4,3.1,10.4,5.7,14.1,20.2,26.5,32.9,34.2v-25.1c0-2.5,4.2-4,6.3-4.2,19.3-1.7,41.2,1.4,60.8,0,2.3.1,4.7,2.5,4.9,4.9v56.1c13.2,9.7,26.3,19.3,34.6,33.8,16.7,29,4.5,56.1-27.1,64.6-39.3,10.6-95.5-9.6-120.3-41.7-11-14.3-17.8-31.7-10.1-49.4,1.4-1,8.9,4.3,11.1,4.5-8.8,24.6,15.3,47.5,34.3,59,24.4,14.8,73.4,27.3,97.7,8,23.9-19-1.5-51-19.8-63.3-.2,8-5.9,8-12.4,7.5v43.9c0,2.5-4.2,4-6.3,4.2-11.6,1.1-24.9-.8-36.7,0-1.6.2-4.9-2.9-4.9-4.1v-43.9c-4.6,0-10.1,1.2-11.8-4.3l-.5-36.2c-17.4-9.9-35.7-24.3-43.8-43.2s-3.9-10-3.9-11.9v-21.4l-13.1,18.7-10.1-7.1c8.7-12.5,16.3-26,25.9-37.8,3-1.8,6.4-.9,8.5,1.8l24,36-10.1,7.1-13.1-18.7ZM144,222h-48v60c3-.5,12-.1,12,4.1v43.9h24v-43.9c0-4.2,9-4.7,12-4.1v-60Z\" fill=\"#f59530\"><\/path><path d=\"M52.6,109.4c2.1,1.3,10.8-.3,14.5,3.1,7.4,6.7-6.9,13.6-7.8,16.3s5.3,15.9-2.1,18.1c-6.6,2-12-5.5-15.6-5.1s-9.7,8.7-15.8,4.5.2-12.5-1.3-17.5-10.5-6.5-9.5-12.7,12.3-4.6,16.4-6.9,3-15.9,13-13c4,1.2,7,12.5,8.1,13.2ZM42.7,117c-1.4-1.1-1.7,1.5-2.6,2.3-1.4,1.3-3.6,1.1-4.9,2.6,3,2,2.3,4.7,2.2,7.9,3-2,6-2.1,9,0-1.2-3.2-.4-5.7,2.2-7.9-1.3-1.5-3.5-1.3-4.9-2.6s-1-2.2-1.1-2.3Z\" fill=\"#f59530\"><\/path><path d=\"M115.3,156.2c34.3-5,38,43.4,9.4,47.6-34.3,5-38-43.4-9.4-47.6ZM119.1,168.2c-17.9,1.4-11.6,29.8,5.9,22.5s7.1-23.5-5.9-22.5Z\" fill=\"#f59530\"><\/path><g><path d=\"M370.3,73c2.1,1.9,2.4,5.7.6,8l-36.9,38.1c-.4,1.2-.1,2.3,0,3.5.8,15.3,7.1,33.4,8.1,48.9.4,6.5-1.9,9.9-8.8,8l-45-24.7-45.4,24.8c-3.8,1.7-8.1-.2-8.8-4.3,1.5-18.5,5.9-36.8,8.1-55.3-4.2-4.1-7.9-8.7-11.9-12.9-8.6-9.1-18.6-17.3-26.1-27.1-1.3-7.1,3.1-7.9,8.7-9,15.2-3,31.4-3.7,46.6-7.4l23-48.3c2.5-4.4,8.6-4.4,11.1,0l23,48.3c15.9,4.2,34,4.1,49.8,8,1.3.3,3,.8,4,1.7ZM288.7,33.8c-1.7-.4-1.2.2-1.7,1-6.8,10.5-10.7,26.2-17.2,36.8-1,1.7-3,3.5-5,4l-42.2,6.2c10.6,11.5,22.4,22.2,32.1,34.3-1.5,15.4-4.5,30.7-7.4,45.9.6.4,4.1-1.6,5-2.1,9.7-5.2,22.6-14.2,32.2-18.1s3.6-1,6.5.1l36.6,20c1.3-1.7-6.3-35.9-6.6-41.7s-.4-3.4,0-5,5.6-6.6,6.6-7.7c8.1-9,17.7-16.6,25.5-25.8-12.7-1.9-25.8-2.9-38.4-5.5s-5.2-.8-7.3-2.4l-18.8-40.1Z\" fill=\"#f59530\"><\/path><path d=\"M285.5,174.2c3.3-1,6.3,0,8,2.9l23,48.3,51.2,8.1c4.3,1.3,6.4,6.1,3.2,9.6l-37,38c-.4,1.2-.1,2.3,0,3.5.8,15.4,7.7,34.2,8.2,49.6s-2.5,9.1-8.8,7.3l-45-24.7-45.4,24.8c-3.5,1.6-7.6,0-8.6-3.7,1-18.7,5.9-37.2,8-55.9-2.7-2.6-4.9-5.7-7.4-8.4-8.5-9.3-20-18.2-27.8-27.7s-5.1-9.4,1.5-12l51-8.3,22.7-47.8c.7-1.1,2.1-3,3.3-3.4ZM288.7,195.8c-1.7-.4-1.2.2-1.7,1-5.4,8.3-9.5,20.9-14.2,30.1-4,8-3,9.6-12.5,11.5-12.2,2.4-25.4,3.3-37.7,5.5,10.6,11.5,22.4,22.1,32.1,34.3-1.5,15.4-4.5,30.7-7.4,45.9.6.4,4.1-1.6,5-2.1,9.7-5.2,22.6-14.2,32.2-18.1s3.6-1,6.5.1l36.6,20c1.3-1.7-6.3-35.9-6.6-41.7s-.4-3.4,0-5,5.6-6.6,6.6-7.7c8.1-9,17.7-16.6,25.5-25.8-12.7-1.9-25.8-2.9-38.4-5.5-2.6-.5-5.2-.8-7.3-2.4l-18.8-40.1Z\" fill=\"#f59530\"><\/path><\/g><g><path d=\"M177.9,35.9c5.5,1.7,20.8,1.7,24.7,5,8.5,7.3-11.5,19-14.9,25-1.1,6.8,5.7,22.9,2,28.3s-21.3-7.4-27.3-9l-19.1,10.6c-16.1,4.9-5.4-22.3-5.7-29.7-3.2-4.9-17.1-15.5-17.2-20.6-.3-9.6,20.3-6.9,26.6-9.8,3.9-4.4,7.9-20.4,12.3-22.9,10-5.7,14.2,17.6,18.6,23.1ZM185.2,49.5c-4-.6-11.8-.6-15-2.7s-5.5-10.4-7.9-13.9c-.8,0-4.6,11.8-7.9,13.9s-10.7,2.1-15,2.7c2.1,3.7,10.1,8.7,11.1,12.6.9,3.3-2.6,15.3-2.1,15.9,4.7-1,9-6.1,13.9-6.1s9.2,5.1,13.9,6.1c.8-.9-2.4-11.8-1.8-14.8,1.1-5.3,8.8-8.6,10.8-13.7Z\" fill=\"#f59530\"><\/path><path d=\"M61,100.3c-4.7-4.7,2.6-18.9,1.2-24s-13.4-11.1-14.1-16c-1.6-11,15.7-7.6,22.5-10.5,4.5-5.6,6.2-22.6,16-19.7s8.6,18.2,11,19.7c4.9,3,28.5-.6,21.6,12.7-1.8,3.4-12.5,11.1-13.3,13.8-1.6,5.5,10,29.1-5.6,25.5-3.5-.8-13.6-8.9-16.5-8.7-5.6.5-16.7,13.2-22.8,7.1ZM84.7,51.8c-1.8-.4-1.2.2-1.7,1-1.7,2.6-2.3,6.7-5.1,8.4s-7.9,1.4-11.2,1.9c1.5,2.9,7,6,7.9,9s-1,8.2-1.2,12c3.4-.5,6.5-4.5,10.1-4.5s7.2,4.1,10.9,4.5c-4-10.4-.3-14.2,6.8-21-9.2-.1-14.2-1.7-16.5-11.3Z\" fill=\"#f59530\"><\/path><\/g><\/svg>\t\t\t\t<\/span>\n\t\t\t<\/div>\n\t\t\t\n\t\t\t\t\t\t<div class=\"elementor-icon-box-content\">\n\n\t\t\t\t\t\t\t\t\t<h3 class=\"elementor-icon-box-title\">\n\t\t\t\t\t\t<span  >\n\t\t\t\t\t\t\tCroissance\t\t\t\t\t\t<\/span>\n\t\t\t\t\t<\/h3>\n\t\t\t\t\n\t\t\t\t\n\t\t\t<\/div>\n\t\t\t\n\t\t<\/div>\n\t\t\t\t\t\t<\/div>\n\t\t\t\t<\/div>\n\t\t\t\t<\/div>\n\t\t\t\t\t<\/div>\n\t\t\t\t<\/div>\n\t\t\t\t<section class=\"elementor-section elementor-top-section elementor-element elementor-element-1049f817 elementor-section-content-middle elementor-section-boxed elementor-section-height-default elementor-section-height-default\" data-id=\"1049f817\" data-element_type=\"section\" data-e-type=\"section\" data-settings=\"{&quot;background_background&quot;:&quot;classic&quot;}\">\n\t\t\t\t\t\t\t<div class=\"elementor-background-overlay\"><\/div>\n\t\t\t\t\t\t\t<div class=\"elementor-container elementor-column-gap-no\">\n\t\t\t\t\t<div class=\"elementor-column elementor-col-100 elementor-top-column elementor-element elementor-element-dc5e8c3\" data-id=\"dc5e8c3\" data-element_type=\"column\" data-e-type=\"column\">\n\t\t\t<div class=\"elementor-widget-wrap elementor-element-populated\">\n\t\t\t\t\t\t<div class=\"elementor-element elementor-element-1e618eda elementor-widget-divider--view-line elementor-widget elementor-widget-divider\" data-id=\"1e618eda\" data-element_type=\"widget\" data-e-type=\"widget\" data-widget_type=\"divider.default\">\n\t\t\t\t<div class=\"elementor-widget-container\">\n\t\t\t\t\t\t\t<div class=\"elementor-divider\">\n\t\t\t<span class=\"elementor-divider-separator\">\n\t\t\t\t\t\t<\/span>\n\t\t<\/div>\n\t\t\t\t\t\t<\/div>\n\t\t\t\t<\/div>\n\t\t\t\t<div class=\"elementor-element elementor-element-223005d9 elementor-widget elementor-widget-heading\" data-id=\"223005d9\" data-element_type=\"widget\" data-e-type=\"widget\" data-widget_type=\"heading.default\">\n\t\t\t\t<div class=\"elementor-widget-container\">\n\t\t\t\t\t<h2 class=\"elementor-heading-title elementor-size-default\">Nos partenaires<\/h2>\t\t\t\t<\/div>\n\t\t\t\t<\/div>\n\t\t\t\t<section class=\"elementor-section elementor-inner-section elementor-element elementor-element-32f682d7 elementor-section-boxed elementor-section-height-default elementor-section-height-default\" data-id=\"32f682d7\" data-element_type=\"section\" data-e-type=\"section\">\n\t\t\t\t\t\t<div class=\"elementor-container elementor-column-gap-wider\">\n\t\t\t\t\t<div class=\"elementor-column elementor-col-33 elementor-inner-column elementor-element elementor-element-5d20cf40\" data-id=\"5d20cf40\" data-element_type=\"column\" data-e-type=\"column\">\n\t\t\t<div class=\"elementor-widget-wrap elementor-element-populated\">\n\t\t\t\t\t\t<div class=\"elementor-element elementor-element-989268a elementor-position-top elementor-widget elementor-widget-image-box\" data-id=\"989268a\" data-element_type=\"widget\" data-e-type=\"widget\" data-widget_type=\"image-box.default\">\n\t\t\t\t<div class=\"elementor-widget-container\">\n\t\t\t\t\t<div class=\"elementor-image-box-wrapper\"><figure class=\"elementor-image-box-img\"><img decoding=\"async\" width=\"740\" height=\"740\" src=\"https:\/\/chemins-de-deuil.fr\/wp-content\/uploads\/2025\/04\/logo-adal.png\" class=\"attachment-full size-full wp-image-262\" alt=\"Collaborateur-Chemins-de-deuil-du-corps-\u00e0-l&#039;\u00eatre\" srcset=\"https:\/\/chemins-de-deuil.fr\/wp-content\/uploads\/2025\/04\/logo-adal.png 740w, https:\/\/chemins-de-deuil.fr\/wp-content\/uploads\/2025\/04\/logo-adal-300x300.png 300w, https:\/\/chemins-de-deuil.fr\/wp-content\/uploads\/2025\/04\/logo-adal-150x150.png 150w, https:\/\/chemins-de-deuil.fr\/wp-content\/uploads\/2025\/04\/elementor\/thumbs\/logo-adal-r4709n7v32l1otrunva942dspfjd3alodtlfgdasxw.png 90w\" sizes=\"(max-width: 740px) 100vw, 740px\" \/><\/figure><div class=\"elementor-image-box-content\"><p class=\"elementor-image-box-description\">Partenaire depuis 2003, l\u2019association \u201d\u00c0 La De\u0301couverte de l\u2019\u00c2ge Libre\u201d, pour la mise en place et le soutien de nos formations et actions.<\/p><\/div><\/div>\t\t\t\t<\/div>\n\t\t\t\t<\/div>\n\t\t\t\t\t<\/div>\n\t\t<\/div>\n\t\t\t\t<div class=\"elementor-column elementor-col-33 elementor-inner-column elementor-element elementor-element-a7f40ce\" data-id=\"a7f40ce\" data-element_type=\"column\" data-e-type=\"column\">\n\t\t\t<div class=\"elementor-widget-wrap elementor-element-populated\">\n\t\t\t\t\t\t<div class=\"elementor-element elementor-element-12f6872 elementor-position-top elementor-widget elementor-widget-image-box\" data-id=\"12f6872\" data-element_type=\"widget\" data-e-type=\"widget\" data-widget_type=\"image-box.default\">\n\t\t\t\t<div class=\"elementor-widget-container\">\n\t\t\t\t\t<div class=\"elementor-image-box-wrapper\"><figure class=\"elementor-image-box-img\"><img decoding=\"async\" width=\"170\" height=\"82\" src=\"https:\/\/chemins-de-deuil.fr\/wp-content\/uploads\/2025\/04\/Capture-decran-2025-04-11-a-11.00.42.png\" class=\"attachment-full size-full wp-image-264\" alt=\"Soutien-Chemins-de-deuil-du-corps-\u00e0-l&#039;\u00eatre\" \/><\/figure><div class=\"elementor-image-box-content\"><p class=\"elementor-image-box-description\">La Fondation OCIRP a soutenu les travaux de recherches et d'\u00e9criture de l'\u00e9quipe pour \"La formation de professionnels pour l'accompagnement du deuil\".<\/p><\/div><\/div>\t\t\t\t<\/div>\n\t\t\t\t<\/div>\n\t\t\t\t\t<\/div>\n\t\t<\/div>\n\t\t\t\t<div class=\"elementor-column elementor-col-33 elementor-inner-column elementor-element elementor-element-2438e7b2\" data-id=\"2438e7b2\" data-element_type=\"column\" data-e-type=\"column\">\n\t\t\t<div class=\"elementor-widget-wrap elementor-element-populated\">\n\t\t\t\t\t\t<div class=\"elementor-element elementor-element-2e21166 elementor-position-top elementor-widget elementor-widget-image-box\" data-id=\"2e21166\" data-element_type=\"widget\" data-e-type=\"widget\" data-widget_type=\"image-box.default\">\n\t\t\t\t<div class=\"elementor-widget-container\">\n\t\t\t\t\t<div class=\"elementor-image-box-wrapper\"><figure class=\"elementor-image-box-img\"><img loading=\"lazy\" decoding=\"async\" width=\"190\" height=\"73\" src=\"https:\/\/chemins-de-deuil.fr\/wp-content\/uploads\/2025\/04\/logoAG2R.jpg\" class=\"attachment-full size-full wp-image-265\" alt=\"Partenaire-Chemins-de-deuil-du-corps-\u00e0-l&#039;\u00eatre\" \/><\/figure><div class=\"elementor-image-box-content\"><p class=\"elementor-image-box-description\">Depuis 2012, l'\u00e9quipe de Chemins de deuil intervient dans les sessions d'accompagnements au deuil en famille, mises en place par AG2R.<\/p><\/div><\/div>\t\t\t\t<\/div>\n\t\t\t\t<\/div>\n\t\t\t\t\t<\/div>\n\t\t<\/div>\n\t\t\t\t\t<\/div>\n\t\t<\/section>\n\t\t\t\t\t<\/div>\n\t\t<\/div>\n\t\t\t\t\t<\/div>\n\t\t<\/section>\n\t\t\t\t<\/div>\n\t\t","protected":false},"excerpt":{"rendered":"<p>Notre accompagnement Nos accompagnements reposent sur la prise en compte de toutes les dimensions de la personne que le deuil bouleverse, du corps \u00e0 l\u2019\u00eatre. Avec comme \u00e9l\u00e9ments fondateurs :\u2028 &#8211; S\u2019appuyer sur une compr\u00e9hension symbolique du processus naturel du deuil qui relie l\u2019universel \u00e0 l\u2019individuel ;\u2028 &#8211; Introduire des approches corporelles afin de remettre [&hellip;]<\/p>\n","protected":false},"author":1,"featured_media":0,"parent":0,"menu_order":0,"comment_status":"closed","ping_status":"closed","template":"","meta":{"footnotes":""},"class_list":["post-57","page","type-page","status-publish","hentry"],"yoast_head":"<!-- This site is optimized with the Yoast SEO plugin v27.2 - https:\/\/yoast.com\/product\/yoast-seo-wordpress\/ -->\n<title>Qui sommes-nous \u00e9quipe Chemins de deuil<\/title>\n<meta name=\"description\" content=\"Qui sommes-nous dans l&#039;\u00e9quipe Chemins de deuil, quelles sont nos valeurs et ressources pour accompagner le deuil depuis plus de 20 ans.\" \/>\n<meta name=\"robots\" content=\"index, follow, max-snippet:-1, max-image-preview:large, max-video-preview:-1\" \/>\n<link rel=\"canonical\" href=\"https:\/\/chemins-de-deuil.fr\/index.php\/qui-sommes-nous-chemins-de-deuil\/\" \/>\n<meta property=\"og:locale\" content=\"fr_FR\" \/>\n<meta property=\"og:type\" content=\"article\" \/>\n<meta property=\"og:title\" content=\"Qui sommes-nous \u00e9quipe Chemins de deuil\" \/>\n<meta property=\"og:description\" content=\"Qui sommes-nous dans l&#039;\u00e9quipe Chemins de deuil, quelles sont nos valeurs et ressources pour accompagner le deuil depuis plus de 20 ans.\" \/>\n<meta property=\"og:url\" content=\"https:\/\/chemins-de-deuil.fr\/index.php\/qui-sommes-nous-chemins-de-deuil\/\" \/>\n<meta property=\"og:site_name\" content=\"Chemins de deuil, du corps \u00e0 l&#039;\u00eatre\" \/>\n<meta property=\"article:publisher\" content=\"https:\/\/www.facebook.com\/cheminsdedeuil\" \/>\n<meta property=\"article:modified_time\" content=\"2025-06-17T08:27:16+00:00\" \/>\n<meta property=\"og:image\" content=\"https:\/\/chemins-de-deuil.fr\/wp-content\/uploads\/elementor\/thumbs\/10-spirale-r6uzrnbx7ucp60pk1vahm7yrcnkl6cyxyayr5moewg.jpg\" \/>\n<meta name=\"twitter:card\" content=\"summary_large_image\" \/>\n<meta name=\"twitter:label1\" content=\"Dur\u00e9e de lecture estim\u00e9e\" \/>\n\t<meta name=\"twitter:data1\" content=\"4 minutes\" \/>\n<script type=\"application\/ld+json\" class=\"yoast-schema-graph\">{\"@context\":\"https:\/\/schema.org\",\"@graph\":[{\"@type\":\"WebPage\",\"@id\":\"https:\/\/chemins-de-deuil.fr\/index.php\/qui-sommes-nous-chemins-de-deuil\/\",\"url\":\"https:\/\/chemins-de-deuil.fr\/index.php\/qui-sommes-nous-chemins-de-deuil\/\",\"name\":\"Qui sommes-nous \u00e9quipe Chemins de deuil\",\"isPartOf\":{\"@id\":\"https:\/\/chemins-de-deuil.fr\/#website\"},\"primaryImageOfPage\":{\"@id\":\"https:\/\/chemins-de-deuil.fr\/index.php\/qui-sommes-nous-chemins-de-deuil\/#primaryimage\"},\"image\":{\"@id\":\"https:\/\/chemins-de-deuil.fr\/index.php\/qui-sommes-nous-chemins-de-deuil\/#primaryimage\"},\"thumbnailUrl\":\"https:\/\/chemins-de-deuil.fr\/wp-content\/uploads\/elementor\/thumbs\/10-spirale-r6uzrnbx7ucp60pk1vahm7yrcnkl6cyxyayr5moewg.jpg\",\"datePublished\":\"2025-04-04T13:57:05+00:00\",\"dateModified\":\"2025-06-17T08:27:16+00:00\",\"description\":\"Qui sommes-nous dans l'\u00e9quipe Chemins de deuil, quelles sont nos valeurs et ressources pour accompagner le deuil depuis plus de 20 ans.\",\"breadcrumb\":{\"@id\":\"https:\/\/chemins-de-deuil.fr\/index.php\/qui-sommes-nous-chemins-de-deuil\/#breadcrumb\"},\"inLanguage\":\"fr-FR\",\"potentialAction\":[{\"@type\":\"ReadAction\",\"target\":[\"https:\/\/chemins-de-deuil.fr\/index.php\/qui-sommes-nous-chemins-de-deuil\/\"]}]},{\"@type\":\"ImageObject\",\"inLanguage\":\"fr-FR\",\"@id\":\"https:\/\/chemins-de-deuil.fr\/index.php\/qui-sommes-nous-chemins-de-deuil\/#primaryimage\",\"url\":\"https:\/\/chemins-de-deuil.fr\/wp-content\/uploads\/elementor\/thumbs\/10-spirale-r6uzrnbx7ucp60pk1vahm7yrcnkl6cyxyayr5moewg.jpg\",\"contentUrl\":\"https:\/\/chemins-de-deuil.fr\/wp-content\/uploads\/elementor\/thumbs\/10-spirale-r6uzrnbx7ucp60pk1vahm7yrcnkl6cyxyayr5moewg.jpg\"},{\"@type\":\"BreadcrumbList\",\"@id\":\"https:\/\/chemins-de-deuil.fr\/index.php\/qui-sommes-nous-chemins-de-deuil\/#breadcrumb\",\"itemListElement\":[{\"@type\":\"ListItem\",\"position\":1,\"name\":\"Accueil\",\"item\":\"https:\/\/chemins-de-deuil.fr\/\"},{\"@type\":\"ListItem\",\"position\":2,\"name\":\"Qui sommes-nous ?\"}]},{\"@type\":\"WebSite\",\"@id\":\"https:\/\/chemins-de-deuil.fr\/#website\",\"url\":\"https:\/\/chemins-de-deuil.fr\/\",\"name\":\"Chemins de deuil, du corps \u00e0 l'\u00eatre\",\"description\":\"Sur le chemin du deuil, accompagner la vie\",\"publisher\":{\"@id\":\"https:\/\/chemins-de-deuil.fr\/#organization\"},\"potentialAction\":[{\"@type\":\"SearchAction\",\"target\":{\"@type\":\"EntryPoint\",\"urlTemplate\":\"https:\/\/chemins-de-deuil.fr\/?s={search_term_string}\"},\"query-input\":{\"@type\":\"PropertyValueSpecification\",\"valueRequired\":true,\"valueName\":\"search_term_string\"}}],\"inLanguage\":\"fr-FR\"},{\"@type\":\"Organization\",\"@id\":\"https:\/\/chemins-de-deuil.fr\/#organization\",\"name\":\"Chemins de deuil, du corps \u00e0 l'\u00eatre\",\"url\":\"https:\/\/chemins-de-deuil.fr\/\",\"logo\":{\"@type\":\"ImageObject\",\"inLanguage\":\"fr-FR\",\"@id\":\"https:\/\/chemins-de-deuil.fr\/#\/schema\/logo\/image\/\",\"url\":\"https:\/\/chemins-de-deuil.fr\/wp-content\/uploads\/2025\/04\/cropped-logoCDD.png\",\"contentUrl\":\"https:\/\/chemins-de-deuil.fr\/wp-content\/uploads\/2025\/04\/cropped-logoCDD.png\",\"width\":923,\"height\":492,\"caption\":\"Chemins de deuil, du corps \u00e0 l'\u00eatre\"},\"image\":{\"@id\":\"https:\/\/chemins-de-deuil.fr\/#\/schema\/logo\/image\/\"},\"sameAs\":[\"https:\/\/www.facebook.com\/cheminsdedeuil\"]}]}<\/script>\n<!-- \/ Yoast SEO plugin. -->","yoast_head_json":{"title":"Qui sommes-nous \u00e9quipe Chemins de deuil","description":"Qui sommes-nous dans l'\u00e9quipe Chemins de deuil, quelles sont nos valeurs et ressources pour accompagner le deuil depuis plus de 20 ans.","robots":{"index":"index","follow":"follow","max-snippet":"max-snippet:-1","max-image-preview":"max-image-preview:large","max-video-preview":"max-video-preview:-1"},"canonical":"https:\/\/chemins-de-deuil.fr\/index.php\/qui-sommes-nous-chemins-de-deuil\/","og_locale":"fr_FR","og_type":"article","og_title":"Qui sommes-nous \u00e9quipe Chemins de deuil","og_description":"Qui sommes-nous dans l'\u00e9quipe Chemins de deuil, quelles sont nos valeurs et ressources pour accompagner le deuil depuis plus de 20 ans.","og_url":"https:\/\/chemins-de-deuil.fr\/index.php\/qui-sommes-nous-chemins-de-deuil\/","og_site_name":"Chemins de deuil, du corps \u00e0 l&#039;\u00eatre","article_publisher":"https:\/\/www.facebook.com\/cheminsdedeuil","article_modified_time":"2025-06-17T08:27:16+00:00","og_image":[{"url":"https:\/\/chemins-de-deuil.fr\/wp-content\/uploads\/elementor\/thumbs\/10-spirale-r6uzrnbx7ucp60pk1vahm7yrcnkl6cyxyayr5moewg.jpg","type":"","width":"","height":""}],"twitter_card":"summary_large_image","twitter_misc":{"Dur\u00e9e de lecture estim\u00e9e":"4 minutes"},"schema":{"@context":"https:\/\/schema.org","@graph":[{"@type":"WebPage","@id":"https:\/\/chemins-de-deuil.fr\/index.php\/qui-sommes-nous-chemins-de-deuil\/","url":"https:\/\/chemins-de-deuil.fr\/index.php\/qui-sommes-nous-chemins-de-deuil\/","name":"Qui sommes-nous \u00e9quipe Chemins de deuil","isPartOf":{"@id":"https:\/\/chemins-de-deuil.fr\/#website"},"primaryImageOfPage":{"@id":"https:\/\/chemins-de-deuil.fr\/index.php\/qui-sommes-nous-chemins-de-deuil\/#primaryimage"},"image":{"@id":"https:\/\/chemins-de-deuil.fr\/index.php\/qui-sommes-nous-chemins-de-deuil\/#primaryimage"},"thumbnailUrl":"https:\/\/chemins-de-deuil.fr\/wp-content\/uploads\/elementor\/thumbs\/10-spirale-r6uzrnbx7ucp60pk1vahm7yrcnkl6cyxyayr5moewg.jpg","datePublished":"2025-04-04T13:57:05+00:00","dateModified":"2025-06-17T08:27:16+00:00","description":"Qui sommes-nous dans l'\u00e9quipe Chemins de deuil, quelles sont nos valeurs et ressources pour accompagner le deuil depuis plus de 20 ans.","breadcrumb":{"@id":"https:\/\/chemins-de-deuil.fr\/index.php\/qui-sommes-nous-chemins-de-deuil\/#breadcrumb"},"inLanguage":"fr-FR","potentialAction":[{"@type":"ReadAction","target":["https:\/\/chemins-de-deuil.fr\/index.php\/qui-sommes-nous-chemins-de-deuil\/"]}]},{"@type":"ImageObject","inLanguage":"fr-FR","@id":"https:\/\/chemins-de-deuil.fr\/index.php\/qui-sommes-nous-chemins-de-deuil\/#primaryimage","url":"https:\/\/chemins-de-deuil.fr\/wp-content\/uploads\/elementor\/thumbs\/10-spirale-r6uzrnbx7ucp60pk1vahm7yrcnkl6cyxyayr5moewg.jpg","contentUrl":"https:\/\/chemins-de-deuil.fr\/wp-content\/uploads\/elementor\/thumbs\/10-spirale-r6uzrnbx7ucp60pk1vahm7yrcnkl6cyxyayr5moewg.jpg"},{"@type":"BreadcrumbList","@id":"https:\/\/chemins-de-deuil.fr\/index.php\/qui-sommes-nous-chemins-de-deuil\/#breadcrumb","itemListElement":[{"@type":"ListItem","position":1,"name":"Accueil","item":"https:\/\/chemins-de-deuil.fr\/"},{"@type":"ListItem","position":2,"name":"Qui sommes-nous ?"}]},{"@type":"WebSite","@id":"https:\/\/chemins-de-deuil.fr\/#website","url":"https:\/\/chemins-de-deuil.fr\/","name":"Chemins de deuil, du corps \u00e0 l'\u00eatre","description":"Sur le chemin du deuil, accompagner la vie","publisher":{"@id":"https:\/\/chemins-de-deuil.fr\/#organization"},"potentialAction":[{"@type":"SearchAction","target":{"@type":"EntryPoint","urlTemplate":"https:\/\/chemins-de-deuil.fr\/?s={search_term_string}"},"query-input":{"@type":"PropertyValueSpecification","valueRequired":true,"valueName":"search_term_string"}}],"inLanguage":"fr-FR"},{"@type":"Organization","@id":"https:\/\/chemins-de-deuil.fr\/#organization","name":"Chemins de deuil, du corps \u00e0 l'\u00eatre","url":"https:\/\/chemins-de-deuil.fr\/","logo":{"@type":"ImageObject","inLanguage":"fr-FR","@id":"https:\/\/chemins-de-deuil.fr\/#\/schema\/logo\/image\/","url":"https:\/\/chemins-de-deuil.fr\/wp-content\/uploads\/2025\/04\/cropped-logoCDD.png","contentUrl":"https:\/\/chemins-de-deuil.fr\/wp-content\/uploads\/2025\/04\/cropped-logoCDD.png","width":923,"height":492,"caption":"Chemins de deuil, du corps \u00e0 l'\u00eatre"},"image":{"@id":"https:\/\/chemins-de-deuil.fr\/#\/schema\/logo\/image\/"},"sameAs":["https:\/\/www.facebook.com\/cheminsdedeuil"]}]}},"_links":{"self":[{"href":"https:\/\/chemins-de-deuil.fr\/index.php\/wp-json\/wp\/v2\/pages\/57","targetHints":{"allow":["GET"]}}],"collection":[{"href":"https:\/\/chemins-de-deuil.fr\/index.php\/wp-json\/wp\/v2\/pages"}],"about":[{"href":"https:\/\/chemins-de-deuil.fr\/index.php\/wp-json\/wp\/v2\/types\/page"}],"author":[{"embeddable":true,"href":"https:\/\/chemins-de-deuil.fr\/index.php\/wp-json\/wp\/v2\/users\/1"}],"replies":[{"embeddable":true,"href":"https:\/\/chemins-de-deuil.fr\/index.php\/wp-json\/wp\/v2\/comments?post=57"}],"version-history":[{"count":83,"href":"https:\/\/chemins-de-deuil.fr\/index.php\/wp-json\/wp\/v2\/pages\/57\/revisions"}],"predecessor-version":[{"id":1636,"href":"https:\/\/chemins-de-deuil.fr\/index.php\/wp-json\/wp\/v2\/pages\/57\/revisions\/1636"}],"wp:attachment":[{"href":"https:\/\/chemins-de-deuil.fr\/index.php\/wp-json\/wp\/v2\/media?parent=57"}],"curies":[{"name":"wp","href":"https:\/\/api.w.org\/{rel}","templated":true}]}}