{"id":64,"date":"2025-04-04T15:57:13","date_gmt":"2025-04-04T13:57:13","guid":{"rendered":"http:\/\/omugubq.cluster021.hosting.ovh.net\/?page_id=64"},"modified":"2025-06-13T16:13:54","modified_gmt":"2025-06-13T14:13:54","slug":"ressources-publications-sur-le-deuil","status":"publish","type":"page","link":"https:\/\/chemins-de-deuil.fr\/index.php\/ressources-publications-sur-le-deuil\/","title":{"rendered":"Ressources"},"content":{"rendered":"\t\t<div data-elementor-type=\"wp-page\" data-elementor-id=\"64\" class=\"elementor elementor-64\">\n\t\t\t\t<div class=\"elementor-element elementor-element-3358ad0 e-flex e-con-boxed e-con e-parent\" data-id=\"3358ad0\" data-element_type=\"container\" data-e-type=\"container\">\n\t\t\t\t\t<div class=\"e-con-inner\">\n\t\t\t\t<div class=\"elementor-element elementor-element-0efe208 elementor-widget elementor-widget-heading\" data-id=\"0efe208\" data-element_type=\"widget\" data-e-type=\"widget\" data-widget_type=\"heading.default\">\n\t\t\t\t<div class=\"elementor-widget-container\">\n\t\t\t\t\t<h1 class=\"elementor-heading-title elementor-size-default\">Nos Ressources - Vid\u00e9os &amp; Livres<\/h1>\t\t\t\t<\/div>\n\t\t\t\t<\/div>\n\t\t\t\t\t<\/div>\n\t\t\t\t<\/div>\n\t\t<div class=\"elementor-element elementor-element-c0f647f e-flex e-con-boxed e-con e-parent\" data-id=\"c0f647f\" data-element_type=\"container\" data-e-type=\"container\" data-settings=\"{&quot;background_background&quot;:&quot;classic&quot;}\">\n\t\t\t\t\t<div class=\"e-con-inner\">\n\t\t\t\t<div class=\"elementor-element elementor-element-cb0939f elementor-widget elementor-widget-ucaddon_post_list\" data-id=\"cb0939f\" data-element_type=\"widget\" data-e-type=\"widget\" data-widget_type=\"ucaddon_post_list.default\">\n\t\t\t\t<div class=\"elementor-widget-container\">\n\t\t\t\t\t\n<!-- start Post List -->\n\t\t<link id='font-awesome-css' href='https:\/\/chemins-de-deuil.fr\/wp-content\/plugins\/unlimited-elements-for-elementor\/assets_libraries\/font-awesome6\/fontawesome-all.min.css' type='text\/css' rel='stylesheet' >\n\t\t<link id='font-awesome-4-shim-css' href='https:\/\/chemins-de-deuil.fr\/wp-content\/plugins\/unlimited-elements-for-elementor\/assets_libraries\/font-awesome6\/fontawesome-v4-shims.min.css' type='text\/css' rel='stylesheet' >\n\n<style>\/* widget: Post List *\/\n\n\r\n@keyframes uc_post_list_elementor_cb0939f__item-animation {\r\n  0% {\r\n            \r\n        \t        \tfilter: blur(10px);\r\n\t\t\t\r\n    \t    opacity: 0;\r\n  }\r\n  100% {\r\n            \r\n        \t            filter: blur(0px);\r\n            \r\n    \t\topacity: 1;\r\n  }\r\n}\r\n\r\n\r\n#uc_post_list_elementor_cb0939f .uc_post_list_box{\r\n\topacity:0;\r\n}\r\n\r\n\r\n#uc_post_list_elementor_cb0939f .uc-entrance-animate {\r\n  opacity:1;\r\n}\r\n\r\n#uc_post_list_elementor_cb0939f .uc-entrance-animate {\r\n\tanimation: uc_post_list_elementor_cb0939f__item-animation 0.6s cubic-bezier(0.470, 0.000, 0.745, 0.715) both;\r\n}\r\n\r\n\t\t\t\n\n#uc_post_list_elementor_cb0939f{\n  display:grid;\n}\n\n#uc_post_list_elementor_cb0939f .uc_post_list_image div{\n  background-size:cover;\n  background-position:center;\n}\n\n.uc_post_list .uc_post_list_box{\n\tposition: relative;\n\toverflow: hidden;\n\tdisplay: flex;\n}\n\n#uc_post_list_elementor_cb0939f .uc_post_list_image{\n  flex-grow:0;\n  flex-shrink:0;\n  overflow: hidden;\n}\n\n#uc_post_list_elementor_cb0939f .uc_post_list_image img{\n  width:100%;\n  height:100%;\n  display:block;\n  transition:0.3s;  \n  position: relative;\n  z-index: 1;\n}\n\n.uc_post_list_title a{\n    position: relative;\n    z-index: 1;\n\tcolor: #333333;\n    display: block;\n}\n\n.uc_post_list_date{\n\tfont-size: 12px;\n}\n\n#uc_post_list_elementor_cb0939f .uc_post_list_content{\n  display:flex;\n  flex-direction:column;\n  flex:1;\n}\n\n#uc_post_list_elementor_cb0939f .uc_more_btn{\n  text-align:center;\n  text-decoration:none;\n  transition:0.3s;\n  position: relative;\n  z-index: 1;\n}\n\n#uc_post_list_elementor_cb0939f .button-on-side{\n  display:flex;\n  align-items:center;\n}\n\n#uc_post_list_elementor_cb0939f .ue-grid-item-category{\n  display: flex;\n  align-items: center;\n}\n\n.ue-grid-item-category a{\n  display:inline-block;\n  font-size:10px;\n  text-transform:uppercase;\n  white-space: nowrap;\n}\n\n#uc_post_list_elementor_cb0939f .ue-meta-data{  \n  display:flex;\n  flex-wrap: wrap;\n  line-height:1em;\n}\n\n#uc_post_list_elementor_cb0939f .ue-grid-item-meta-data{\n      display:inline-flex;\n      align-items:center;\n}\n\n.ue-grid-item-meta-data{\n  font-size:12px;\n}\n\n#uc_post_list_elementor_cb0939f .ue-grid-item-meta-data-icon{\n  line-height:1em;\n}\n\n#uc_post_list_elementor_cb0939f .ue-grid-item-meta-data-icon svg{\n  width:1em;\n  height:1em;\n} \n\n#uc_post_list_elementor_cb0939f .ue-debug-meta{\n  padding:10px;\n  border:1px solid red;\n  position:relative;\n  line-height:1.5em;\n  font-size:11px;\n  width:100%;\n}\n\n.uc-remote-parent .uc_post_list_box{\n\tcursor:pointer;\n}\n\n#uc_post_list_elementor_cb0939f .ue-post-link-overlay{\n  display:block;\n  position:absolute;\n  top:0;\n  bottom:0;\n  right:0;\n  left:0;\n}\n\n\n\n\n<\/style>\n\n<div class=\"uc_post_list uc-items-wrapper uc-filterable-grid uc-remote-parent \" id=\"uc_post_list_elementor_cb0939f\"  data-ajax='true'  data-filterbehave='mixed_back'  querydata='{&quot;count_posts&quot;:9,&quot;total_posts&quot;:9,&quot;page&quot;:1,&quot;num_pages&quot;:1}'  data-widgetname='Post List' data-sync='true' data-syncid='group1'>    \t\n  <div class=\"uc_post_list_box\" data-category=\"Livre\">\n  \n  \t    <div class=\"uc_post_list_image\">\n      <a href=\"https:\/\/chemins-de-deuil.fr\/index.php\/2025\/05\/16\/accompagner-le-deuil-du-corps-a-letre-livre\/\" target=\"_blank\" title=\"Accompagner le deuil du corps \u00e0 l&#039;\u00catre\">\n          \n            <img loading=\"lazy\" decoding=\"async\" src=\"https:\/\/chemins-de-deuil.fr\/wp-content\/uploads\/2025\/05\/Accompagner_1ere_4eme.png\"  src=\"https:\/\/chemins-de-deuil.fr\/wp-content\/uploads\/2025\/05\/Accompagner_1ere_4eme.png\" alt=\"Accompagner_1ere_4eme\" width=\"279\" height=\"174\">\n        \t        \n      <\/a>\n    <\/div>\n  \t\t\n  \n    <div class=\"uc_post_list_content\">\n      <div class=\"uc_post_list_content_inside\">\n        \n                        \n                  \t                  \n          <div class=\"ue-grid-item-category\">\n                          <a href=\"https:\/\/chemins-de-deuil.fr\/index.php\/category\/livre\/\" target=\"_blank\">Livre<\/a>\n                      <\/div>\n        \n                \n             \n        <h2 class=\"uc_post_list_title\"><a target=\"_blank\" href=\"https:\/\/chemins-de-deuil.fr\/index.php\/2025\/05\/16\/accompagner-le-deuil-du-corps-a-letre-livre\/\" title=\"Accompagner le deuil du corps \u00e0 l&#039;\u00catre\">Accompagner le deuil du corps \u00e0 l'\u00catre<\/a><\/h2>                 \n        <div class=\"ue-meta-data\">\n                 \n                \n            \n              \n              \n  \n      \n<\/div>      \n               \n        <div class=\"uc_post_content\">Accompagner le deuil, du corps \u00e0 l&rsquo;\u00catre\nAccompagner le deuil\nPubli\u00e9 en juillet 2022 par Chemins de deuil...<\/div>                          \n                \n      <\/div>\n    <\/div>\n     \n            <div class=\"button-on-side\"><a target=\"_blank\" href='https:\/\/chemins-de-deuil.fr\/index.php\/2025\/05\/16\/accompagner-le-deuil-du-corps-a-letre-livre\/' class=\"uc_more_btn  \" title=\"\">Voir<\/a><\/div>\n       \n  \n   <\/div>\n<div class=\"uc_post_list_box\" data-category=\"Vid\u00e9o\">\n  \n  \t    <div class=\"uc_post_list_image\">\n      <a href=\"https:\/\/chemins-de-deuil.fr\/index.php\/2025\/05\/16\/conference-anne-lopez-le-deuil-aujourdhui-une-intelligence-a-partager\/\" target=\"_blank\" title=\"Conf\u00e9rence - Le deuil aujourd&#039;hui, une intelligence a\u0300 partager\">\n          \n            <img loading=\"lazy\" decoding=\"async\" src=\"https:\/\/chemins-de-deuil.fr\/wp-content\/uploads\/2025\/06\/Capture-decran-2025-06-19-a-09.43.53.png\"  src=\"https:\/\/chemins-de-deuil.fr\/wp-content\/uploads\/2025\/06\/Capture-decran-2025-06-19-a-09.43.53.png\" alt=\"Conf\u00e9rence-Lopez-Deuil-Ressource\" width=\"1037\" height=\"674\">\n        \t        \n      <\/a>\n    <\/div>\n  \t\t\n  \n    <div class=\"uc_post_list_content\">\n      <div class=\"uc_post_list_content_inside\">\n        \n                        \n                  \t                  \n          <div class=\"ue-grid-item-category\">\n                          <a href=\"https:\/\/chemins-de-deuil.fr\/index.php\/category\/video\/\" target=\"_blank\">Vid\u00e9o<\/a>\n                      <\/div>\n        \n                \n             \n        <h2 class=\"uc_post_list_title\"><a target=\"_blank\" href=\"https:\/\/chemins-de-deuil.fr\/index.php\/2025\/05\/16\/conference-anne-lopez-le-deuil-aujourdhui-une-intelligence-a-partager\/\" title=\"Conf\u00e9rence - Le deuil aujourd&#039;hui, une intelligence a\u0300 partager\">Conf\u00e9rence - Le deuil aujourd'hui, une intelligence a\u0300 partager<\/a><\/h2>                 \n        <div class=\"ue-meta-data\">\n                 \n                \n            \n              \n              \n  \n      \n<\/div>      \n               \n        <div class=\"uc_post_content\">Visio-conf\u00e9rence de Anne Lopez - Le cheminement du deuil, un passage essentiel pour faire de toute perte une...<\/div>                          \n                \n      <\/div>\n    <\/div>\n     \n            <div class=\"button-on-side\"><a target=\"_blank\" href='https:\/\/chemins-de-deuil.fr\/index.php\/2025\/05\/16\/conference-anne-lopez-le-deuil-aujourdhui-une-intelligence-a-partager\/' class=\"uc_more_btn  \" title=\"\">Voir<\/a><\/div>\n       \n  \n   <\/div>\n<div class=\"uc_post_list_box\" data-category=\"Vid\u00e9o\">\n  \n  \t    <div class=\"uc_post_list_image\">\n      <a href=\"https:\/\/chemins-de-deuil.fr\/index.php\/2025\/05\/16\/video-youtube-conference-deuil\/\" target=\"_blank\" title=\"Conf\u00e9rence - Sur le chemin du deuil\">\n          \n            <img loading=\"lazy\" decoding=\"async\" src=\"https:\/\/chemins-de-deuil.fr\/wp-content\/uploads\/2025\/05\/visuel-conf.png\"  src=\"https:\/\/chemins-de-deuil.fr\/wp-content\/uploads\/2025\/05\/visuel-conf.png\" alt=\"visuel-conf\" width=\"625\" height=\"575\">\n        \t        \n      <\/a>\n    <\/div>\n  \t\t\n  \n    <div class=\"uc_post_list_content\">\n      <div class=\"uc_post_list_content_inside\">\n        \n                        \n                  \t                  \n          <div class=\"ue-grid-item-category\">\n                          <a href=\"https:\/\/chemins-de-deuil.fr\/index.php\/category\/video\/\" target=\"_blank\">Vid\u00e9o<\/a>\n                      <\/div>\n        \n                \n             \n        <h2 class=\"uc_post_list_title\"><a target=\"_blank\" href=\"https:\/\/chemins-de-deuil.fr\/index.php\/2025\/05\/16\/video-youtube-conference-deuil\/\" title=\"Conf\u00e9rence - Sur le chemin du deuil\">Conf\u00e9rence - Sur le chemin du deuil<\/a><\/h2>                 \n        <div class=\"ue-meta-data\">\n                 \n                \n            \n              \n              \n  \n      \n<\/div>      \n               \n        <div class=\"uc_post_content\">Sur le chemin du deuil, prendre soin de soi du corps \u00e0 l'\u00catre.\nUne conf\u00e9rence de Shanti Jeannot<\/div>                          \n                \n      <\/div>\n    <\/div>\n     \n            <div class=\"button-on-side\"><a target=\"_blank\" href='https:\/\/chemins-de-deuil.fr\/index.php\/2025\/05\/16\/video-youtube-conference-deuil\/' class=\"uc_more_btn  \" title=\"\">Voir<\/a><\/div>\n       \n  \n   <\/div>\n<div class=\"uc_post_list_box\" data-category=\"Livre\">\n  \n  \t    <div class=\"uc_post_list_image\">\n      <a href=\"https:\/\/chemins-de-deuil.fr\/index.php\/2025\/05\/15\/parler-vie-mort-livret-accompagnement\/\" target=\"_blank\" title=\"Et si on parlait de la vie et de la mort\">\n          \n            <img loading=\"lazy\" decoding=\"async\" src=\"https:\/\/chemins-de-deuil.fr\/wp-content\/uploads\/2025\/05\/02couv-scaled.jpg\"  src=\"https:\/\/chemins-de-deuil.fr\/wp-content\/uploads\/2025\/05\/02couv-scaled.jpg\" alt=\"Parler-vie-mort-livret-accompagnement\" width=\"2560\" height=\"1810\">\n        \t        \n      <\/a>\n    <\/div>\n  \t\t\n  \n    <div class=\"uc_post_list_content\">\n      <div class=\"uc_post_list_content_inside\">\n        \n                        \n                  \t                  \n          <div class=\"ue-grid-item-category\">\n                          <a href=\"https:\/\/chemins-de-deuil.fr\/index.php\/category\/livre\/\" target=\"_blank\">Livre<\/a>\n                      <\/div>\n        \n                \n             \n        <h2 class=\"uc_post_list_title\"><a target=\"_blank\" href=\"https:\/\/chemins-de-deuil.fr\/index.php\/2025\/05\/15\/parler-vie-mort-livret-accompagnement\/\" title=\"Et si on parlait de la vie et de la mort\">Et si on parlait de la vie et de la mort<\/a><\/h2>                 \n        <div class=\"ue-meta-data\">\n                 \n                \n            \n              \n              \n  \n      \n<\/div>      \n               \n        <div class=\"uc_post_content\">Ce carnet \u00ab Et si on parlait de la vie et de la mort ! \u00bb aborde ces questionnements profond\u00e9ment intimes et...<\/div>                          \n                \n      <\/div>\n    <\/div>\n     \n            <div class=\"button-on-side\"><a target=\"_blank\" href='https:\/\/chemins-de-deuil.fr\/index.php\/2025\/05\/15\/parler-vie-mort-livret-accompagnement\/' class=\"uc_more_btn  \" title=\"\">Voir<\/a><\/div>\n       \n  \n   <\/div>\n<div class=\"uc_post_list_box\" data-category=\"Livre\">\n  \n  \t    <div class=\"uc_post_list_image\">\n      <a href=\"https:\/\/chemins-de-deuil.fr\/index.php\/2025\/05\/14\/parler-deuil-livret-accompagnement\/\" target=\"_blank\" title=\"Et si on parlait du deuil\">\n          \n            <img loading=\"lazy\" decoding=\"async\" src=\"https:\/\/chemins-de-deuil.fr\/wp-content\/uploads\/2025\/05\/01-scaled.jpg\"  src=\"https:\/\/chemins-de-deuil.fr\/wp-content\/uploads\/2025\/05\/01-scaled.jpg\" alt=\"Parler-deuil-livret-accompagnement\" width=\"2560\" height=\"1834\">\n        \t        \n      <\/a>\n    <\/div>\n  \t\t\n  \n    <div class=\"uc_post_list_content\">\n      <div class=\"uc_post_list_content_inside\">\n        \n                        \n                  \t                  \n          <div class=\"ue-grid-item-category\">\n                          <a href=\"https:\/\/chemins-de-deuil.fr\/index.php\/category\/livre\/\" target=\"_blank\">Livre<\/a>\n                      <\/div>\n        \n                \n             \n        <h2 class=\"uc_post_list_title\"><a target=\"_blank\" href=\"https:\/\/chemins-de-deuil.fr\/index.php\/2025\/05\/14\/parler-deuil-livret-accompagnement\/\" title=\"Et si on parlait du deuil\">Et si on parlait du deuil<\/a><\/h2>                 \n        <div class=\"ue-meta-data\">\n                 \n                \n            \n              \n              \n  \n      \n<\/div>      \n               \n        <div class=\"uc_post_content\">Ce carnet \u00ab Et si on parlait du deuil ! \u00bb permet de parler, d'\u00e9changer sur le mouvement naturel du deuil.<\/div>                          \n                \n      <\/div>\n    <\/div>\n     \n            <div class=\"button-on-side\"><a target=\"_blank\" href='https:\/\/chemins-de-deuil.fr\/index.php\/2025\/05\/14\/parler-deuil-livret-accompagnement\/' class=\"uc_more_btn  \" title=\"\">Voir<\/a><\/div>\n       \n  \n   <\/div>\n<div class=\"uc_post_list_box\" data-category=\"Vid\u00e9o\">\n  \n  \t    <div class=\"uc_post_list_image\">\n      <a href=\"https:\/\/chemins-de-deuil.fr\/index.php\/2025\/05\/13\/podcast-deuil-chemin-spirale-croissance\/\" target=\"_blank\" title=\"Podcast - La spirale un chemin de croissance\">\n          \n            <img loading=\"lazy\" decoding=\"async\" src=\"https:\/\/chemins-de-deuil.fr\/wp-content\/uploads\/2025\/04\/visuel-Podcast-1.png\"  src=\"https:\/\/chemins-de-deuil.fr\/wp-content\/uploads\/2025\/04\/visuel-Podcast-1.png\" alt=\"visuel-Podcast\" width=\"1117\" height=\"604\">\n        \t        \n      <\/a>\n    <\/div>\n  \t\t\n  \n    <div class=\"uc_post_list_content\">\n      <div class=\"uc_post_list_content_inside\">\n        \n                        \n                  \t                  \n          <div class=\"ue-grid-item-category\">\n                          <a href=\"https:\/\/chemins-de-deuil.fr\/index.php\/category\/video\/\" target=\"_blank\">Vid\u00e9o<\/a>\n                      <\/div>\n        \n                \n             \n        <h2 class=\"uc_post_list_title\"><a target=\"_blank\" href=\"https:\/\/chemins-de-deuil.fr\/index.php\/2025\/05\/13\/podcast-deuil-chemin-spirale-croissance\/\" title=\"Podcast - La spirale un chemin de croissance\">Podcast - La spirale un chemin de croissance<\/a><\/h2>                 \n        <div class=\"ue-meta-data\">\n                 \n                \n            \n              \n              \n  \n      \n<\/div>      \n               \n        <div class=\"uc_post_content\">Interview de Shanti et Anand Jeannot pour \"Ainsi va la vie, un podcast sur le deuil\" de Ga\u00eblle Guiny.<\/div>                          \n                \n      <\/div>\n    <\/div>\n     \n            <div class=\"button-on-side\"><a target=\"_blank\" href='https:\/\/chemins-de-deuil.fr\/index.php\/2025\/05\/13\/podcast-deuil-chemin-spirale-croissance\/' class=\"uc_more_btn  \" title=\"\">Voir<\/a><\/div>\n       \n  \n   <\/div>\n<div class=\"uc_post_list_box\" data-category=\"Livre\">\n  \n  \t    <div class=\"uc_post_list_image\">\n      <a href=\"https:\/\/chemins-de-deuil.fr\/index.php\/2025\/05\/10\/sur-le-chemin-du-deuil-tome-1\/\" target=\"_blank\" title=\"Sur le chemin du deuil - Tome 1\">\n          \n            <img loading=\"lazy\" decoding=\"async\" src=\"https:\/\/chemins-de-deuil.fr\/wp-content\/uploads\/2025\/05\/COUV-TOME-1-et-2.jpg\"  src=\"https:\/\/chemins-de-deuil.fr\/wp-content\/uploads\/2025\/05\/COUV-TOME-1-et-2.jpg\" alt=\"Livre-sur-le-chemin-du-deuil-Genevi\u00e8ve-Manent\" width=\"1006\" height=\"680\">\n        \t        \n      <\/a>\n    <\/div>\n  \t\t\n  \n    <div class=\"uc_post_list_content\">\n      <div class=\"uc_post_list_content_inside\">\n        \n                        \n                  \t                  \n          <div class=\"ue-grid-item-category\">\n                          <a href=\"https:\/\/chemins-de-deuil.fr\/index.php\/category\/livre\/\" target=\"_blank\">Livre<\/a>\n                      <\/div>\n        \n                \n             \n        <h2 class=\"uc_post_list_title\"><a target=\"_blank\" href=\"https:\/\/chemins-de-deuil.fr\/index.php\/2025\/05\/10\/sur-le-chemin-du-deuil-tome-1\/\" title=\"Sur le chemin du deuil - Tome 1\">Sur le chemin du deuil - Tome 1<\/a><\/h2>                 \n        <div class=\"ue-meta-data\">\n                 \n                \n            \n              \n              \n  \n      \n<\/div>      \n               \n        <div class=\"uc_post_content\">Con\u00e7u dans une perspective d'autonomie, cet ouvrage vous guide, \u00e9tape par \u00e9tape, sur ce chemin du deuil.<\/div>                          \n                \n      <\/div>\n    <\/div>\n     \n            <div class=\"button-on-side\"><a target=\"_blank\" href='https:\/\/chemins-de-deuil.fr\/index.php\/2025\/05\/10\/sur-le-chemin-du-deuil-tome-1\/' class=\"uc_more_btn  \" title=\"\">Voir<\/a><\/div>\n       \n  \n   <\/div>\n<div class=\"uc_post_list_box\" data-category=\"Vid\u00e9o\">\n  \n  \t    <div class=\"uc_post_list_image\">\n      <a href=\"https:\/\/chemins-de-deuil.fr\/index.php\/2025\/05\/09\/sur-le-chemin-du-deuil-presentation\/\" target=\"_blank\" title=\"Sur le Chemin du deuil - Pr\u00e9sentation\">\n          \n            <img loading=\"lazy\" decoding=\"async\" src=\"https:\/\/chemins-de-deuil.fr\/wp-content\/uploads\/2025\/05\/visuel-Manent.png\"  src=\"https:\/\/chemins-de-deuil.fr\/wp-content\/uploads\/2025\/05\/visuel-Manent.png\" alt=\"visuel-Manent\" width=\"921\" height=\"620\">\n        \t        \n      <\/a>\n    <\/div>\n  \t\t\n  \n    <div class=\"uc_post_list_content\">\n      <div class=\"uc_post_list_content_inside\">\n        \n                        \n                  \t                  \n          <div class=\"ue-grid-item-category\">\n                          <a href=\"https:\/\/chemins-de-deuil.fr\/index.php\/category\/video\/\" target=\"_blank\">Vid\u00e9o<\/a>\n                      <\/div>\n        \n                \n             \n        <h2 class=\"uc_post_list_title\"><a target=\"_blank\" href=\"https:\/\/chemins-de-deuil.fr\/index.php\/2025\/05\/09\/sur-le-chemin-du-deuil-presentation\/\" title=\"Sur le Chemin du deuil - Pr\u00e9sentation\">Sur le Chemin du deuil - Pr\u00e9sentation<\/a><\/h2>                 \n        <div class=\"ue-meta-data\">\n                 \n                \n            \n              \n              \n  \n      \n<\/div>      \n               \n        <div class=\"uc_post_content\">Interview de Genevi\u00e8ve Manent, sur son livre \"Sur le Chemin du deuil\"<\/div>                          \n                \n      <\/div>\n    <\/div>\n     \n            <div class=\"button-on-side\"><a target=\"_blank\" href='https:\/\/chemins-de-deuil.fr\/index.php\/2025\/05\/09\/sur-le-chemin-du-deuil-presentation\/' class=\"uc_more_btn  \" title=\"\">Voir<\/a><\/div>\n       \n  \n   <\/div>\n<div class=\"uc_post_list_box\" data-category=\"Livre\">\n  \n  \t    <div class=\"uc_post_list_image\">\n      <a href=\"https:\/\/chemins-de-deuil.fr\/index.php\/2025\/05\/09\/livre-sur-le-chemin-du-deuil-tome-2\/\" target=\"_blank\" title=\"Sur le chemin du deuil - Tome 2\">\n          \n            <img loading=\"lazy\" decoding=\"async\" src=\"https:\/\/chemins-de-deuil.fr\/wp-content\/uploads\/2025\/05\/COUV-TOME-1-et-2.jpg\"  src=\"https:\/\/chemins-de-deuil.fr\/wp-content\/uploads\/2025\/05\/COUV-TOME-1-et-2.jpg\" alt=\"Livre-sur-le-chemin-du-deuil-Genevi\u00e8ve-Manent\" width=\"1006\" height=\"680\">\n        \t        \n      <\/a>\n    <\/div>\n  \t\t\n  \n    <div class=\"uc_post_list_content\">\n      <div class=\"uc_post_list_content_inside\">\n        \n                        \n                  \t                  \n          <div class=\"ue-grid-item-category\">\n                          <a href=\"https:\/\/chemins-de-deuil.fr\/index.php\/category\/livre\/\" target=\"_blank\">Livre<\/a>\n                      <\/div>\n        \n                \n             \n        <h2 class=\"uc_post_list_title\"><a target=\"_blank\" href=\"https:\/\/chemins-de-deuil.fr\/index.php\/2025\/05\/09\/livre-sur-le-chemin-du-deuil-tome-2\/\" title=\"Sur le chemin du deuil - Tome 2\">Sur le chemin du deuil - Tome 2<\/a><\/h2>                 \n        <div class=\"ue-meta-data\">\n                 \n                \n            \n              \n              \n  \n      \n<\/div>      \n               \n        <div class=\"uc_post_content\">En compl\u00e9ment du tome 1, ce deuxi\u00e8me tome est destin\u00e9 \u00e0 tous ceux qui sont concern\u00e9s par des projets d'accompagnement...<\/div>                          \n                \n      <\/div>\n    <\/div>\n     \n            <div class=\"button-on-side\"><a target=\"_blank\" href='https:\/\/chemins-de-deuil.fr\/index.php\/2025\/05\/09\/livre-sur-le-chemin-du-deuil-tome-2\/' class=\"uc_more_btn  \" title=\"\">Voir<\/a><\/div>\n       \n  \n   <\/div>\n\n<\/div>\n\n\n  <div id=\"uc_post_list_elementor_cb0939f_empty_message\" class=\"ue-no-posts-found\"  style=\"display:none\" ><\/div>\n\n\n<!-- end Post List -->\t\t\t\t<\/div>\n\t\t\t\t<\/div>\n\t\t\t\t\t<\/div>\n\t\t\t\t<\/div>\n\t\t\t\t<\/div>\n\t\t","protected":false},"excerpt":{"rendered":"<p>Ressources, conf\u00e9rences et publications de notre \u00e9quipe sur le sujet du deuil, pour faire de toute perte une opportunit\u00e9 de croissance<\/p>\n","protected":false},"author":1,"featured_media":0,"parent":0,"menu_order":0,"comment_status":"closed","ping_status":"closed","template":"","meta":{"footnotes":""},"class_list":["post-64","page","type-page","status-publish","hentry"],"yoast_head":"<!-- This site is optimized with the Yoast SEO plugin v27.2 - https:\/\/yoast.com\/product\/yoast-seo-wordpress\/ -->\n<title>Ressources publications sur le deuil<\/title>\n<meta name=\"description\" content=\"Ressources, conf\u00e9rences et publications de notre \u00e9quipe sur le sujet du deuil, pour faire de toute perte une opportunit\u00e9 de croissance\" \/>\n<meta name=\"robots\" content=\"index, follow, max-snippet:-1, max-image-preview:large, max-video-preview:-1\" \/>\n<link rel=\"canonical\" href=\"https:\/\/chemins-de-deuil.fr\/index.php\/ressources-publications-sur-le-deuil\/\" \/>\n<meta property=\"og:locale\" content=\"fr_FR\" \/>\n<meta property=\"og:type\" content=\"article\" \/>\n<meta property=\"og:title\" content=\"Ressources publications sur le deuil\" \/>\n<meta property=\"og:description\" content=\"Ressources, conf\u00e9rences et publications de notre \u00e9quipe sur le sujet du deuil, pour faire de toute perte une opportunit\u00e9 de croissance\" \/>\n<meta property=\"og:url\" content=\"https:\/\/chemins-de-deuil.fr\/index.php\/ressources-publications-sur-le-deuil\/\" \/>\n<meta property=\"og:site_name\" content=\"Chemins de deuil, du corps \u00e0 l&#039;\u00eatre\" \/>\n<meta property=\"article:publisher\" content=\"https:\/\/www.facebook.com\/cheminsdedeuil\" \/>\n<meta property=\"article:modified_time\" content=\"2025-06-13T14:13:54+00:00\" \/>\n<meta property=\"og:image\" content=\"https:\/\/chemins-de-deuil.fr\/wp-content\/uploads\/2025\/05\/Accompagner_1ere_4eme.png\" \/>\n<meta name=\"twitter:card\" content=\"summary_large_image\" \/>\n<meta name=\"twitter:label1\" content=\"Dur\u00e9e de lecture estim\u00e9e\" \/>\n\t<meta name=\"twitter:data1\" content=\"3 minutes\" \/>\n<script type=\"application\/ld+json\" class=\"yoast-schema-graph\">{\"@context\":\"https:\/\/schema.org\",\"@graph\":[{\"@type\":\"WebPage\",\"@id\":\"https:\/\/chemins-de-deuil.fr\/index.php\/ressources-publications-sur-le-deuil\/\",\"url\":\"https:\/\/chemins-de-deuil.fr\/index.php\/ressources-publications-sur-le-deuil\/\",\"name\":\"Ressources publications sur le deuil\",\"isPartOf\":{\"@id\":\"https:\/\/chemins-de-deuil.fr\/#website\"},\"primaryImageOfPage\":{\"@id\":\"https:\/\/chemins-de-deuil.fr\/index.php\/ressources-publications-sur-le-deuil\/#primaryimage\"},\"image\":{\"@id\":\"https:\/\/chemins-de-deuil.fr\/index.php\/ressources-publications-sur-le-deuil\/#primaryimage\"},\"thumbnailUrl\":\"https:\/\/chemins-de-deuil.fr\/wp-content\/uploads\/2025\/05\/Accompagner_1ere_4eme.png\",\"datePublished\":\"2025-04-04T13:57:13+00:00\",\"dateModified\":\"2025-06-13T14:13:54+00:00\",\"description\":\"Ressources, conf\u00e9rences et publications de notre \u00e9quipe sur le sujet du deuil, pour faire de toute perte une opportunit\u00e9 de croissance\",\"breadcrumb\":{\"@id\":\"https:\/\/chemins-de-deuil.fr\/index.php\/ressources-publications-sur-le-deuil\/#breadcrumb\"},\"inLanguage\":\"fr-FR\",\"potentialAction\":[{\"@type\":\"ReadAction\",\"target\":[\"https:\/\/chemins-de-deuil.fr\/index.php\/ressources-publications-sur-le-deuil\/\"]}]},{\"@type\":\"ImageObject\",\"inLanguage\":\"fr-FR\",\"@id\":\"https:\/\/chemins-de-deuil.fr\/index.php\/ressources-publications-sur-le-deuil\/#primaryimage\",\"url\":\"https:\/\/chemins-de-deuil.fr\/wp-content\/uploads\/2025\/05\/Accompagner_1ere_4eme.png\",\"contentUrl\":\"https:\/\/chemins-de-deuil.fr\/wp-content\/uploads\/2025\/05\/Accompagner_1ere_4eme.png\",\"width\":279,\"height\":174,\"caption\":\"Accompagner_1ere_4eme\"},{\"@type\":\"BreadcrumbList\",\"@id\":\"https:\/\/chemins-de-deuil.fr\/index.php\/ressources-publications-sur-le-deuil\/#breadcrumb\",\"itemListElement\":[{\"@type\":\"ListItem\",\"position\":1,\"name\":\"Accueil\",\"item\":\"https:\/\/chemins-de-deuil.fr\/\"},{\"@type\":\"ListItem\",\"position\":2,\"name\":\"Ressources\"}]},{\"@type\":\"WebSite\",\"@id\":\"https:\/\/chemins-de-deuil.fr\/#website\",\"url\":\"https:\/\/chemins-de-deuil.fr\/\",\"name\":\"Chemins de deuil, du corps \u00e0 l'\u00eatre\",\"description\":\"Sur le chemin du deuil, accompagner la vie\",\"publisher\":{\"@id\":\"https:\/\/chemins-de-deuil.fr\/#organization\"},\"potentialAction\":[{\"@type\":\"SearchAction\",\"target\":{\"@type\":\"EntryPoint\",\"urlTemplate\":\"https:\/\/chemins-de-deuil.fr\/?s={search_term_string}\"},\"query-input\":{\"@type\":\"PropertyValueSpecification\",\"valueRequired\":true,\"valueName\":\"search_term_string\"}}],\"inLanguage\":\"fr-FR\"},{\"@type\":\"Organization\",\"@id\":\"https:\/\/chemins-de-deuil.fr\/#organization\",\"name\":\"Chemins de deuil, du corps \u00e0 l'\u00eatre\",\"url\":\"https:\/\/chemins-de-deuil.fr\/\",\"logo\":{\"@type\":\"ImageObject\",\"inLanguage\":\"fr-FR\",\"@id\":\"https:\/\/chemins-de-deuil.fr\/#\/schema\/logo\/image\/\",\"url\":\"https:\/\/chemins-de-deuil.fr\/wp-content\/uploads\/2025\/04\/cropped-logoCDD.png\",\"contentUrl\":\"https:\/\/chemins-de-deuil.fr\/wp-content\/uploads\/2025\/04\/cropped-logoCDD.png\",\"width\":923,\"height\":492,\"caption\":\"Chemins de deuil, du corps \u00e0 l'\u00eatre\"},\"image\":{\"@id\":\"https:\/\/chemins-de-deuil.fr\/#\/schema\/logo\/image\/\"},\"sameAs\":[\"https:\/\/www.facebook.com\/cheminsdedeuil\"]}]}<\/script>\n<!-- \/ Yoast SEO plugin. -->","yoast_head_json":{"title":"Ressources publications sur le deuil","description":"Ressources, conf\u00e9rences et publications de notre \u00e9quipe sur le sujet du deuil, pour faire de toute perte une opportunit\u00e9 de croissance","robots":{"index":"index","follow":"follow","max-snippet":"max-snippet:-1","max-image-preview":"max-image-preview:large","max-video-preview":"max-video-preview:-1"},"canonical":"https:\/\/chemins-de-deuil.fr\/index.php\/ressources-publications-sur-le-deuil\/","og_locale":"fr_FR","og_type":"article","og_title":"Ressources publications sur le deuil","og_description":"Ressources, conf\u00e9rences et publications de notre \u00e9quipe sur le sujet du deuil, pour faire de toute perte une opportunit\u00e9 de croissance","og_url":"https:\/\/chemins-de-deuil.fr\/index.php\/ressources-publications-sur-le-deuil\/","og_site_name":"Chemins de deuil, du corps \u00e0 l&#039;\u00eatre","article_publisher":"https:\/\/www.facebook.com\/cheminsdedeuil","article_modified_time":"2025-06-13T14:13:54+00:00","og_image":[{"url":"https:\/\/chemins-de-deuil.fr\/wp-content\/uploads\/2025\/05\/Accompagner_1ere_4eme.png","type":"","width":"","height":""}],"twitter_card":"summary_large_image","twitter_misc":{"Dur\u00e9e de lecture estim\u00e9e":"3 minutes"},"schema":{"@context":"https:\/\/schema.org","@graph":[{"@type":"WebPage","@id":"https:\/\/chemins-de-deuil.fr\/index.php\/ressources-publications-sur-le-deuil\/","url":"https:\/\/chemins-de-deuil.fr\/index.php\/ressources-publications-sur-le-deuil\/","name":"Ressources publications sur le deuil","isPartOf":{"@id":"https:\/\/chemins-de-deuil.fr\/#website"},"primaryImageOfPage":{"@id":"https:\/\/chemins-de-deuil.fr\/index.php\/ressources-publications-sur-le-deuil\/#primaryimage"},"image":{"@id":"https:\/\/chemins-de-deuil.fr\/index.php\/ressources-publications-sur-le-deuil\/#primaryimage"},"thumbnailUrl":"https:\/\/chemins-de-deuil.fr\/wp-content\/uploads\/2025\/05\/Accompagner_1ere_4eme.png","datePublished":"2025-04-04T13:57:13+00:00","dateModified":"2025-06-13T14:13:54+00:00","description":"Ressources, conf\u00e9rences et publications de notre \u00e9quipe sur le sujet du deuil, pour faire de toute perte une opportunit\u00e9 de croissance","breadcrumb":{"@id":"https:\/\/chemins-de-deuil.fr\/index.php\/ressources-publications-sur-le-deuil\/#breadcrumb"},"inLanguage":"fr-FR","potentialAction":[{"@type":"ReadAction","target":["https:\/\/chemins-de-deuil.fr\/index.php\/ressources-publications-sur-le-deuil\/"]}]},{"@type":"ImageObject","inLanguage":"fr-FR","@id":"https:\/\/chemins-de-deuil.fr\/index.php\/ressources-publications-sur-le-deuil\/#primaryimage","url":"https:\/\/chemins-de-deuil.fr\/wp-content\/uploads\/2025\/05\/Accompagner_1ere_4eme.png","contentUrl":"https:\/\/chemins-de-deuil.fr\/wp-content\/uploads\/2025\/05\/Accompagner_1ere_4eme.png","width":279,"height":174,"caption":"Accompagner_1ere_4eme"},{"@type":"BreadcrumbList","@id":"https:\/\/chemins-de-deuil.fr\/index.php\/ressources-publications-sur-le-deuil\/#breadcrumb","itemListElement":[{"@type":"ListItem","position":1,"name":"Accueil","item":"https:\/\/chemins-de-deuil.fr\/"},{"@type":"ListItem","position":2,"name":"Ressources"}]},{"@type":"WebSite","@id":"https:\/\/chemins-de-deuil.fr\/#website","url":"https:\/\/chemins-de-deuil.fr\/","name":"Chemins de deuil, du corps \u00e0 l'\u00eatre","description":"Sur le chemin du deuil, accompagner la vie","publisher":{"@id":"https:\/\/chemins-de-deuil.fr\/#organization"},"potentialAction":[{"@type":"SearchAction","target":{"@type":"EntryPoint","urlTemplate":"https:\/\/chemins-de-deuil.fr\/?s={search_term_string}"},"query-input":{"@type":"PropertyValueSpecification","valueRequired":true,"valueName":"search_term_string"}}],"inLanguage":"fr-FR"},{"@type":"Organization","@id":"https:\/\/chemins-de-deuil.fr\/#organization","name":"Chemins de deuil, du corps \u00e0 l'\u00eatre","url":"https:\/\/chemins-de-deuil.fr\/","logo":{"@type":"ImageObject","inLanguage":"fr-FR","@id":"https:\/\/chemins-de-deuil.fr\/#\/schema\/logo\/image\/","url":"https:\/\/chemins-de-deuil.fr\/wp-content\/uploads\/2025\/04\/cropped-logoCDD.png","contentUrl":"https:\/\/chemins-de-deuil.fr\/wp-content\/uploads\/2025\/04\/cropped-logoCDD.png","width":923,"height":492,"caption":"Chemins de deuil, du corps \u00e0 l'\u00eatre"},"image":{"@id":"https:\/\/chemins-de-deuil.fr\/#\/schema\/logo\/image\/"},"sameAs":["https:\/\/www.facebook.com\/cheminsdedeuil"]}]}},"_links":{"self":[{"href":"https:\/\/chemins-de-deuil.fr\/index.php\/wp-json\/wp\/v2\/pages\/64","targetHints":{"allow":["GET"]}}],"collection":[{"href":"https:\/\/chemins-de-deuil.fr\/index.php\/wp-json\/wp\/v2\/pages"}],"about":[{"href":"https:\/\/chemins-de-deuil.fr\/index.php\/wp-json\/wp\/v2\/types\/page"}],"author":[{"embeddable":true,"href":"https:\/\/chemins-de-deuil.fr\/index.php\/wp-json\/wp\/v2\/users\/1"}],"replies":[{"embeddable":true,"href":"https:\/\/chemins-de-deuil.fr\/index.php\/wp-json\/wp\/v2\/comments?post=64"}],"version-history":[{"count":31,"href":"https:\/\/chemins-de-deuil.fr\/index.php\/wp-json\/wp\/v2\/pages\/64\/revisions"}],"predecessor-version":[{"id":1562,"href":"https:\/\/chemins-de-deuil.fr\/index.php\/wp-json\/wp\/v2\/pages\/64\/revisions\/1562"}],"wp:attachment":[{"href":"https:\/\/chemins-de-deuil.fr\/index.php\/wp-json\/wp\/v2\/media?parent=64"}],"curies":[{"name":"wp","href":"https:\/\/api.w.org\/{rel}","templated":true}]}}